{"id":324,"date":"2016-11-19T17:55:03","date_gmt":"2016-11-19T17:55:03","guid":{"rendered":"http:\/\/159.203.74.176\/?page_id=324"},"modified":"2025-06-23T03:16:10","modified_gmt":"2025-06-23T03:16:10","slug":"equipo","status":"publish","type":"page","link":"https:\/\/www.cientificos.pe\/?page_id=324","title":{"rendered":"Coordinadores"},"content":{"rendered":"<p>[vc_row][vc_column][vc_column_text]<\/p>\n<h2 style=\"text-align: center;\"><strong>Asociaci\u00f3n de Cient\u00edficos Peruanos &#8211;\u00a0Cientificos.pe<\/strong><\/h2>\n<h3 style=\"text-align: center;\"><strong>Junta Directiva 2024-2027<\/strong><\/h3>\n<h3><strong>Presidente<\/strong><\/h3>\n<p>MSc. Gary Jheferson Salazar Rond\u00f3n<\/p>\n<h3><strong>Secretario<\/strong><\/h3>\n<p>MSc. Miguel A. Caicedo<\/p>\n<h3><strong>Tesorero<\/strong><\/h3>\n<p>Est. Univ. Ana Camila Calderon<\/p>\n<h3 style=\"text-align: center;\"><strong>Representantes de Cientificos.pe en el Mundo<\/strong><\/h3>\n<table style=\"border-collapse: collapse; width: 100%;\">\n<tbody>\n<tr>\n<td style=\"width: 50%;\">\n<ul>\n<li>PhD. Luciana Chavez<strong>, EEUU.<\/strong><\/li>\n<li>PhD. Luis Avil\u00e9s, <strong>Argentina<\/strong><\/li>\n<li>PhD. Jorge Rafael Velayarse, MSc. Gary Salazar, <strong>Alemania<\/strong><\/li>\n<li>PhD. Carla Palomino, <strong>Francia<\/strong><\/li>\n<li>PhD. Melina Galdos, <strong>Reino Unido<\/strong><\/li>\n<li>PhD. Rocio Espinoza, <strong>Italia<\/strong><\/li>\n<li>MSc. Ana Gutierrez, <strong>Israel<\/strong><\/li>\n<li>MSc. Miguel Caicedo, <strong>Colombia<\/strong><\/li>\n<\/ul>\n<\/td>\n<td style=\"width: 50%;\"><a href=\"https:\/\/comunidad.mapah.net\/cientificospe\" target=\"_blank\" rel=\"noopener noreferrer\"><img loading=\"lazy\" class=\"alignnone size-full wp-image-7405\" src=\"https:\/\/www.cientificos.pe\/wp-content\/uploads\/2021\/11\/ComunidadCpe.png\" alt=\"\" width=\"1204\" height=\"584\" srcset=\"https:\/\/www.cientificos.pe\/wp-content\/uploads\/2021\/11\/ComunidadCpe.png 1204w, https:\/\/www.cientificos.pe\/wp-content\/uploads\/2021\/11\/ComunidadCpe-300x146.png 300w, https:\/\/www.cientificos.pe\/wp-content\/uploads\/2021\/11\/ComunidadCpe-1024x497.png 1024w, https:\/\/www.cientificos.pe\/wp-content\/uploads\/2021\/11\/ComunidadCpe-768x373.png 768w, https:\/\/www.cientificos.pe\/wp-content\/uploads\/2021\/11\/ComunidadCpe-696x338.png 696w, https:\/\/www.cientificos.pe\/wp-content\/uploads\/2021\/11\/ComunidadCpe-1068x518.png 1068w, https:\/\/www.cientificos.pe\/wp-content\/uploads\/2021\/11\/ComunidadCpe-866x420.png 866w\" sizes=\"(max-width: 1204px) 100vw, 1204px\" \/><\/a><\/td>\n<\/tr>\n<\/tbody>\n<\/table>\n<h3 style=\"text-align: center;\"><strong>Coordinadores de Areas<\/strong><\/h3>\n<h4><strong>Fomento de la Educaci\u00f3n y CTI<\/strong><\/h4>\n<ul>\n<li>PhD. Nahuel Monteblanco<\/li>\n<\/ul>\n<h4><strong>Relaciones Inter-Institucionales<\/strong><\/h4>\n<ul>\n<li>PhD. Melina Galdos<\/li>\n<li>PhD. Nahuel Monteblanco<\/li>\n<\/ul>\n<h4><strong>Comunicaciones<\/strong><\/h4>\n<ul>\n<li>MSc. Viviana Herrera<\/li>\n<li>Francisco Claro, UNFV<\/li>\n<li>MSc. Ricardo Avila<\/li>\n<\/ul>\n<h3 style=\"text-align: center;\"><strong>Coordinadores de Cientificos.pe en Universidades Peruanas<\/strong><\/h3>\n<ul>\n<li>Camila Calderon UNALM<\/li>\n<li>Lucero Alva, UNMSM<\/li>\n<li>Andrea Castro Pita y Sebastian Ibarra,\u00a0 PUCP<\/li>\n<li>Kateryne Ccama, UTEC<\/li>\n<li>Jaqueline Ruiz, UNMSM<\/li>\n<\/ul>\n<h4><\/h4>\n<p>[\/vc_column_text][vc_media_grid element_width=&#8221;2&#8243; item=&#8221;mediaGrid_SlideInTitle&#8221; grid_id=&#8221;vc_gid:1750648455500-a27023a5-bff8-2&#8243; include=&#8221;7230,6635,6633,5409,5404,6963&#8243;][vc_tta_tabs style=&#8221;modern&#8221; color=&#8221;sky&#8221; active_section=&#8221;1&#8243;][vc_tta_section title=&#8221;#PaperPeruano&#8221; tab_id=&#8221;1630776161503-494c735d-34d2&#8243;][vc_column_text]<\/p>\n<table style=\"border-collapse: collapse; width: 100%; height: 480px;\">\n<tbody>\n<tr style=\"height: 194px;\">\n<td style=\"width: 35.4885%; height: 194px;\"><img loading=\"lazy\" class=\"alignnone wp-image-8153\" src=\"https:\/\/www.cientificos.pe\/wp-content\/uploads\/2023\/02\/me1.jpg\" alt=\"\" width=\"187\" height=\"188\" srcset=\"https:\/\/www.cientificos.pe\/wp-content\/uploads\/2023\/02\/me1.jpg 2310w, https:\/\/www.cientificos.pe\/wp-content\/uploads\/2023\/02\/me1-300x300.jpg 300w, https:\/\/www.cientificos.pe\/wp-content\/uploads\/2023\/02\/me1-1021x1024.jpg 1021w, https:\/\/www.cientificos.pe\/wp-content\/uploads\/2023\/02\/me1-150x150.jpg 150w, https:\/\/www.cientificos.pe\/wp-content\/uploads\/2023\/02\/me1-768x770.jpg 768w, https:\/\/www.cientificos.pe\/wp-content\/uploads\/2023\/02\/me1-1532x1536.jpg 1532w, https:\/\/www.cientificos.pe\/wp-content\/uploads\/2023\/02\/me1-2043x2048.jpg 2043w, https:\/\/www.cientificos.pe\/wp-content\/uploads\/2023\/02\/me1-696x698.jpg 696w, https:\/\/www.cientificos.pe\/wp-content\/uploads\/2023\/02\/me1-1068x1071.jpg 1068w, https:\/\/www.cientificos.pe\/wp-content\/uploads\/2023\/02\/me1-419x420.jpg 419w\" sizes=\"(max-width: 187px) 100vw, 187px\" \/><\/td>\n<td style=\"width: 64.5115%; text-align: justify; height: 194px;\"><strong>COORDINADORA: <\/strong><span style=\"font-weight: 400;\">Ph.D. Luciana Chavez. PhD en Agricultura de la Universidad de Hohenheim, Alemania, Ingeniera Ambiental de la UNALM. <\/span><span style=\"font-weight: 400;\">Actualmente Postdoc en el Departamento de Ecology and Evolutionary biology.\u00a0<\/span><span style=\"font-weight: 400;\">Universidad de California, Irvine.<\/span><\/td>\n<\/tr>\n<tr style=\"height: 234px;\">\n<td style=\"width: 35.4885%; height: 234px;\"><img loading=\"lazy\" class=\"alignnone wp-image-8154\" src=\"https:\/\/www.cientificos.pe\/wp-content\/uploads\/2023\/02\/Carla-PALOMINO-DURAND.jpeg\" alt=\"\" width=\"192\" height=\"193\" srcset=\"https:\/\/www.cientificos.pe\/wp-content\/uploads\/2023\/02\/Carla-PALOMINO-DURAND.jpeg 971w, https:\/\/www.cientificos.pe\/wp-content\/uploads\/2023\/02\/Carla-PALOMINO-DURAND-298x300.jpeg 298w, https:\/\/www.cientificos.pe\/wp-content\/uploads\/2023\/02\/Carla-PALOMINO-DURAND-150x150.jpeg 150w, https:\/\/www.cientificos.pe\/wp-content\/uploads\/2023\/02\/Carla-PALOMINO-DURAND-768x773.jpeg 768w, https:\/\/www.cientificos.pe\/wp-content\/uploads\/2023\/02\/Carla-PALOMINO-DURAND-696x700.jpeg 696w, https:\/\/www.cientificos.pe\/wp-content\/uploads\/2023\/02\/Carla-PALOMINO-DURAND-417x420.jpeg 417w\" sizes=\"(max-width: 192px) 100vw, 192px\" \/><\/td>\n<td style=\"width: 64.5115%; text-align: justify; height: 234px;\"><span style=\"font-weight: 400;\">Ph.D. Carla Palomino. Ingenier\u00eda Biotecnol\u00f3gica (Universidad Cat\u00f3lica de Santa Mar\u00eda, Arequipa) y una Maestr\u00eda en Biolog\u00eda y Salud de la Universidad de Lille, Francia.\u00a0<\/span><\/p>\n<p><span style=\"font-weight: 400;\">Ph.D. en Biomateriales e Ingenier\u00eda de Tejidos y actualmente Profesor Investigador Titular en la Universidad de Lille.<\/span><\/td>\n<\/tr>\n<tr style=\"height: 52px;\">\n<td style=\"width: 35.4885%; height: 52px;\"><img loading=\"lazy\" class=\"alignnone wp-image-5397\" src=\"https:\/\/www.cientificos.pe\/wp-content\/uploads\/2020\/08\/WhatsApp-Image-2020-09-06-at-17.39.03-e1616239927520-150x150.jpeg\" alt=\"\" width=\"192\" height=\"224\" srcset=\"https:\/\/www.cientificos.pe\/wp-content\/uploads\/2020\/08\/WhatsApp-Image-2020-09-06-at-17.39.03-e1616239927520-257x300.jpeg 257w, https:\/\/www.cientificos.pe\/wp-content\/uploads\/2020\/08\/WhatsApp-Image-2020-09-06-at-17.39.03-e1616239927520-360x420.jpeg 360w, https:\/\/www.cientificos.pe\/wp-content\/uploads\/2020\/08\/WhatsApp-Image-2020-09-06-at-17.39.03-e1616239927520.jpeg 492w\" sizes=\"(max-width: 192px) 100vw, 192px\" \/><\/td>\n<td style=\"width: 64.5115%; height: 52px;\">\n<p style=\"text-align: justify;\">Ph.D. Nahuel Monteblanco, Director de I+D en Spin-ion Technology, Palaiseau, Francia. Ph.D. en el laboratorio SPINTEC, CEA-Grenoble, UNIVERSIT\u00c9 JOSEPH FOURIER- GRENOBLE I, Francia. MSc. Ciencias con menci\u00f3n en F\u00edsica por la Universidad Nacional de Ingenier\u00eda, Per\u00fa.<\/p>\n<\/td>\n<\/tr>\n<tr>\n<td style=\"width: 35.4885%;\"><img loading=\"lazy\" class=\"alignnone wp-image-8744\" src=\"https:\/\/www.cientificos.pe\/wp-content\/uploads\/2025\/01\/yo.png\" alt=\"\" width=\"192\" height=\"285\" srcset=\"https:\/\/www.cientificos.pe\/wp-content\/uploads\/2025\/01\/yo.png 2061w, https:\/\/www.cientificos.pe\/wp-content\/uploads\/2025\/01\/yo-202x300.png 202w, https:\/\/www.cientificos.pe\/wp-content\/uploads\/2025\/01\/yo-690x1024.png 690w, https:\/\/www.cientificos.pe\/wp-content\/uploads\/2025\/01\/yo-768x1139.png 768w, https:\/\/www.cientificos.pe\/wp-content\/uploads\/2025\/01\/yo-1036x1536.png 1036w, https:\/\/www.cientificos.pe\/wp-content\/uploads\/2025\/01\/yo-1381x2048.png 1381w, https:\/\/www.cientificos.pe\/wp-content\/uploads\/2025\/01\/yo-696x1032.png 696w, https:\/\/www.cientificos.pe\/wp-content\/uploads\/2025\/01\/yo-1068x1584.png 1068w, https:\/\/www.cientificos.pe\/wp-content\/uploads\/2025\/01\/yo-283x420.png 283w\" sizes=\"(max-width: 192px) 100vw, 192px\" \/><\/td>\n<td style=\"width: 64.5115%;\">\n<p style=\"text-align: justify;\">MSc. Miguel A. Caicedo, Maestr\u00eda en Ciencias Biol\u00f3gicas, l\u00ednea de investigaci\u00f3n Recursos Fitogen\u00e9ticos Neotropicales. Universidad Nacional de Colombia, Colombia. Bi\u00f3logo por la Universidad Nacional de Trujillo, Per\u00fa.<\/p>\n<\/td>\n<\/tr>\n<tr>\n<td style=\"width: 35.4885%;\"><img loading=\"lazy\" class=\"alignnone wp-image-8746\" src=\"https:\/\/www.cientificos.pe\/wp-content\/uploads\/2025\/01\/Alejandra.jpeg\" alt=\"\" width=\"192\" height=\"296\" srcset=\"https:\/\/www.cientificos.pe\/wp-content\/uploads\/2025\/01\/Alejandra.jpeg 491w, https:\/\/www.cientificos.pe\/wp-content\/uploads\/2025\/01\/Alejandra-195x300.jpeg 195w, https:\/\/www.cientificos.pe\/wp-content\/uploads\/2025\/01\/Alejandra-273x420.jpeg 273w\" sizes=\"(max-width: 192px) 100vw, 192px\" \/><\/td>\n<td style=\"width: 64.5115%;\">\n<p style=\"text-align: justify;\">Alejandra Mogrovejo &#8211; Valdivia, Quimico Farmaceutico de la UCSM Per\u00fa, Master y PhD. en Biomateriales de la Universidad de Lille. 10 a\u00f1os de experiencia en la R&amp;D en el \u00e1mbito de los biomateriales, dispositivos m\u00e9dicos implantables y en soportes para cultivo celular en 3D.<\/p>\n<\/td>\n<\/tr>\n<tr>\n<td style=\"width: 35.4885%;\"><img loading=\"lazy\" class=\"alignnone wp-image-8747\" src=\"https:\/\/www.cientificos.pe\/wp-content\/uploads\/2025\/01\/Brayan.jpeg\" alt=\"\" width=\"192\" height=\"191\" srcset=\"https:\/\/www.cientificos.pe\/wp-content\/uploads\/2025\/01\/Brayan.jpeg 490w, https:\/\/www.cientificos.pe\/wp-content\/uploads\/2025\/01\/Brayan-300x300.jpeg 300w, https:\/\/www.cientificos.pe\/wp-content\/uploads\/2025\/01\/Brayan-150x150.jpeg 150w, https:\/\/www.cientificos.pe\/wp-content\/uploads\/2025\/01\/Brayan-422x420.jpeg 422w\" sizes=\"(max-width: 192px) 100vw, 192px\" \/><\/td>\n<td style=\"width: 64.5115%;\">\n<p style=\"text-align: justify;\">PhD. Student Bryam Col\u00e1n Hern\u00e1ndez. Educador graduado en la Universidad Nacional Mayor de San Marcos con estudios de Maestr\u00eda en Educaci\u00f3n Superior con menci\u00f3n en docencia universitaria en investigaci\u00f3n por la Universidad Cient\u00edfica del Sur y doctorando del programa en Educaci\u00f3n de la Complejidad y Transdisciplinariedad de la Escuela Militar de Ingenier\u00eda, Bolivia.<\/p>\n<p style=\"text-align: justify;\">Actualmente estudiante de Psicolog\u00eda en la Universidad Privada del Norte.<\/p>\n<\/td>\n<\/tr>\n<\/tbody>\n<\/table>\n<p>[\/vc_column_text][\/vc_tta_section][vc_tta_section title=&#8221;Comparte Ciencias en la Escuela&#8221; tab_id=&#8221;1630776035427-4837affb-7225&#8243;][vc_column_text]<img loading=\"lazy\" class=\"wp-image-6999 alignleft\" src=\"https:\/\/www.cientificos.pe\/wp-content\/uploads\/2021\/05\/Comparteciecnias-en-la-escuela-1.png\" alt=\"\" width=\"220\" height=\"230\" srcset=\"https:\/\/www.cientificos.pe\/wp-content\/uploads\/2021\/05\/Comparteciecnias-en-la-escuela-1.png 753w, https:\/\/www.cientificos.pe\/wp-content\/uploads\/2021\/05\/Comparteciecnias-en-la-escuela-1-286x300.png 286w, https:\/\/www.cientificos.pe\/wp-content\/uploads\/2021\/05\/Comparteciecnias-en-la-escuela-1-696x729.png 696w, https:\/\/www.cientificos.pe\/wp-content\/uploads\/2021\/05\/Comparteciecnias-en-la-escuela-1-401x420.png 401w\" sizes=\"(max-width: 220px) 100vw, 220px\" \/><\/p>\n<p>[\/vc_column_text][vc_media_grid element_width=&#8221;2&#8243; item=&#8221;mediaGrid_SlideInTitle&#8221; grid_id=&#8221;vc_gid:1750648455501-2b358a1b-4ac3-5&#8243; include=&#8221;7230,6771,4014,6859&#8243;][\/vc_tta_section][vc_tta_section title=&#8221;La Bit\u00e1cora de Divulgaci\u00f3n&#8221; tab_id=&#8221;1630776271207-1777ae16-6fc3&#8243;][vc_column_text]<\/p>\n<table style=\"border-collapse: collapse; width: 100%;\">\n<tbody>\n<tr>\n<td style=\"width: 50%;\"><img loading=\"lazy\" class=\" wp-image-5409\" src=\"https:\/\/www.cientificos.pe\/wp-content\/uploads\/2020\/10\/Katerine-Ccama.jpeg\" alt=\"\" width=\"193\" height=\"193\" srcset=\"https:\/\/www.cientificos.pe\/wp-content\/uploads\/2020\/10\/Katerine-Ccama.jpeg 897w, https:\/\/www.cientificos.pe\/wp-content\/uploads\/2020\/10\/Katerine-Ccama-300x300.jpeg 300w, https:\/\/www.cientificos.pe\/wp-content\/uploads\/2020\/10\/Katerine-Ccama-150x150.jpeg 150w, https:\/\/www.cientificos.pe\/wp-content\/uploads\/2020\/10\/Katerine-Ccama-768x768.jpeg 768w, https:\/\/www.cientificos.pe\/wp-content\/uploads\/2020\/10\/Katerine-Ccama-696x696.jpeg 696w, https:\/\/www.cientificos.pe\/wp-content\/uploads\/2020\/10\/Katerine-Ccama-420x420.jpeg 420w\" sizes=\"(max-width: 193px) 100vw, 193px\" \/><\/td>\n<td style=\"width: 50%;\">Ingenieria Ambiental, Investigadora UTEC<\/td>\n<\/tr>\n<tr>\n<td style=\"width: 50%;\"><img loading=\"lazy\" class=\" wp-image-6633\" src=\"https:\/\/www.cientificos.pe\/wp-content\/uploads\/2021\/03\/Camila-Calderon.png\" alt=\"\" width=\"189\" height=\"157\" \/><\/td>\n<td style=\"width: 50%;\">Estudiante de Biolog\u00eda UNALM, Per\u00fa<\/td>\n<\/tr>\n<tr>\n<td style=\"width: 50%;\"><\/td>\n<td style=\"width: 50%;\"><\/td>\n<\/tr>\n<\/tbody>\n<\/table>\n<p>[\/vc_column_text][\/vc_tta_section][vc_tta_section title=&#8221;Consultorio Psicol\u00f3gico&#8221; tab_id=&#8221;1630776200524-af98c001-4fda&#8221;][vc_column_text]<\/p>\n<h3 style=\"text-align: center;\"><b>Responsables y colaboradores de Iniciativas de Fomento de la CTI y Educaci\u00f3n de Cientificos.pe<\/b><\/h3>\n<p>[\/vc_column_text][vc_column_text]<\/p>\n<h3 style=\"text-align: center;\">Consultorio Psicol\u00f3gico<\/h3>\n<p><img loading=\"lazy\" class=\"wp-image-7018 aligncenter\" src=\"https:\/\/www.cientificos.pe\/wp-content\/uploads\/2021\/05\/consultorio_psicologico_logo_horizontal-01-1.png\" alt=\"\" width=\"299\" height=\"141\" srcset=\"https:\/\/www.cientificos.pe\/wp-content\/uploads\/2021\/05\/consultorio_psicologico_logo_horizontal-01-1.png 3508w, https:\/\/www.cientificos.pe\/wp-content\/uploads\/2021\/05\/consultorio_psicologico_logo_horizontal-01-1-300x142.png 300w, https:\/\/www.cientificos.pe\/wp-content\/uploads\/2021\/05\/consultorio_psicologico_logo_horizontal-01-1-1024x484.png 1024w, https:\/\/www.cientificos.pe\/wp-content\/uploads\/2021\/05\/consultorio_psicologico_logo_horizontal-01-1-768x363.png 768w, https:\/\/www.cientificos.pe\/wp-content\/uploads\/2021\/05\/consultorio_psicologico_logo_horizontal-01-1-1536x726.png 1536w, https:\/\/www.cientificos.pe\/wp-content\/uploads\/2021\/05\/consultorio_psicologico_logo_horizontal-01-1-2048x968.png 2048w, https:\/\/www.cientificos.pe\/wp-content\/uploads\/2021\/05\/consultorio_psicologico_logo_horizontal-01-1-696x329.png 696w, https:\/\/www.cientificos.pe\/wp-content\/uploads\/2021\/05\/consultorio_psicologico_logo_horizontal-01-1-1068x505.png 1068w, https:\/\/www.cientificos.pe\/wp-content\/uploads\/2021\/05\/consultorio_psicologico_logo_horizontal-01-1-889x420.png 889w\" sizes=\"(max-width: 299px) 100vw, 299px\" \/>[\/vc_column_text][vc_column_text]<img loading=\"lazy\" class=\"wp-image-6427 aligncenter\" src=\"https:\/\/www.cientificos.pe\/wp-content\/uploads\/2021\/02\/Diana.jpg\" alt=\"\" width=\"286\" height=\"370\" srcset=\"https:\/\/www.cientificos.pe\/wp-content\/uploads\/2021\/02\/Diana.jpg 1396w, https:\/\/www.cientificos.pe\/wp-content\/uploads\/2021\/02\/Diana-232x300.jpg 232w, https:\/\/www.cientificos.pe\/wp-content\/uploads\/2021\/02\/Diana-792x1024.jpg 792w, https:\/\/www.cientificos.pe\/wp-content\/uploads\/2021\/02\/Diana-768x992.jpg 768w, https:\/\/www.cientificos.pe\/wp-content\/uploads\/2021\/02\/Diana-1189x1536.jpg 1189w, https:\/\/www.cientificos.pe\/wp-content\/uploads\/2021\/02\/Diana-696x899.jpg 696w, https:\/\/www.cientificos.pe\/wp-content\/uploads\/2021\/02\/Diana-1068x1380.jpg 1068w, https:\/\/www.cientificos.pe\/wp-content\/uploads\/2021\/02\/Diana-325x420.jpg 325w\" sizes=\"(max-width: 286px) 100vw, 286px\" \/><\/p>\n<p style=\"text-align: center;\">Diana Morales (Italia). Mag. en Psicolog\u00eda Cl\u00ednica y del desarrollo. Psicoterapeuta CBT y EMDR. Especialista en Psicotraumatolog\u00eda y Psicolog\u00eda de emergencias. Responsable del\u00a0proyecto.<\/p>\n<p>[\/vc_column_text][\/vc_tta_section][vc_tta_section title=&#8221;Brindemos Ciencias&#8221; tab_id=&#8221;1676554846615-d272c227-faf5&#8243;][vc_column_text]<\/p>\n<table style=\"border-collapse: collapse; width: 100%;\">\n<tbody>\n<tr>\n<td style=\"width: 33.3333%;\">\n<p><figure id=\"attachment_3783\" aria-describedby=\"caption-attachment-3783\" style=\"width: 194px\" class=\"wp-caption alignnone\"><img loading=\"lazy\" class=\" wp-image-3783\" src=\"https:\/\/www.cientificos.pe\/wp-content\/uploads\/2020\/04\/Foto-2019.jpg\" alt=\"\" width=\"194\" height=\"184\" srcset=\"https:\/\/www.cientificos.pe\/wp-content\/uploads\/2020\/04\/Foto-2019.jpg 2248w, https:\/\/www.cientificos.pe\/wp-content\/uploads\/2020\/04\/Foto-2019-300x285.jpg 300w, https:\/\/www.cientificos.pe\/wp-content\/uploads\/2020\/04\/Foto-2019-768x730.jpg 768w, https:\/\/www.cientificos.pe\/wp-content\/uploads\/2020\/04\/Foto-2019-1024x973.jpg 1024w, https:\/\/www.cientificos.pe\/wp-content\/uploads\/2020\/04\/Foto-2019-696x661.jpg 696w, https:\/\/www.cientificos.pe\/wp-content\/uploads\/2020\/04\/Foto-2019-1068x1015.jpg 1068w, https:\/\/www.cientificos.pe\/wp-content\/uploads\/2020\/04\/Foto-2019-442x420.jpg 442w\" sizes=\"(max-width: 194px) 100vw, 194px\" \/><figcaption id=\"caption-attachment-3783\" class=\"wp-caption-text\">PhD. Miguel Mendoza<\/figcaption><\/figure><\/td>\n<td style=\"width: 33.3333%;\">\n<p><figure id=\"attachment_7230\" aria-describedby=\"caption-attachment-7230\" style=\"width: 177px\" class=\"wp-caption alignnone\"><img loading=\"lazy\" class=\" wp-image-7230\" src=\"https:\/\/www.cientificos.pe\/wp-content\/uploads\/2021\/07\/Andrea.jpg\" alt=\"\" width=\"177\" height=\"177\" srcset=\"https:\/\/www.cientificos.pe\/wp-content\/uploads\/2021\/07\/Andrea.jpg 692w, https:\/\/www.cientificos.pe\/wp-content\/uploads\/2021\/07\/Andrea-300x300.jpg 300w, https:\/\/www.cientificos.pe\/wp-content\/uploads\/2021\/07\/Andrea-150x150.jpg 150w, https:\/\/www.cientificos.pe\/wp-content\/uploads\/2021\/07\/Andrea-420x420.jpg 420w\" sizes=\"(max-width: 177px) 100vw, 177px\" \/><figcaption id=\"caption-attachment-7230\" class=\"wp-caption-text\">Andrea Castro, PUCP<\/figcaption><\/figure><\/td>\n<td style=\"width: 33.3333%;\">\n<p><figure id=\"attachment_6963\" aria-describedby=\"caption-attachment-6963\" style=\"width: 128px\" class=\"wp-caption alignnone\"><img loading=\"lazy\" class=\"wp-image-6963\" src=\"https:\/\/www.cientificos.pe\/wp-content\/uploads\/2021\/04\/yoserio-scaled.jpg\" alt=\"\" width=\"128\" height=\"171\" srcset=\"https:\/\/www.cientificos.pe\/wp-content\/uploads\/2021\/04\/yoserio-scaled.jpg 1920w, https:\/\/www.cientificos.pe\/wp-content\/uploads\/2021\/04\/yoserio-225x300.jpg 225w, https:\/\/www.cientificos.pe\/wp-content\/uploads\/2021\/04\/yoserio-768x1024.jpg 768w, https:\/\/www.cientificos.pe\/wp-content\/uploads\/2021\/04\/yoserio-1152x1536.jpg 1152w, https:\/\/www.cientificos.pe\/wp-content\/uploads\/2021\/04\/yoserio-1536x2048.jpg 1536w, https:\/\/www.cientificos.pe\/wp-content\/uploads\/2021\/04\/yoserio-696x928.jpg 696w, https:\/\/www.cientificos.pe\/wp-content\/uploads\/2021\/04\/yoserio-1068x1424.jpg 1068w, https:\/\/www.cientificos.pe\/wp-content\/uploads\/2021\/04\/yoserio-315x420.jpg 315w\" sizes=\"(max-width: 128px) 100vw, 128px\" \/><figcaption id=\"caption-attachment-6963\" class=\"wp-caption-text\">Sebastian Ibarra, PUCP<\/figcaption><\/figure><\/td>\n<\/tr>\n<\/tbody>\n<\/table>\n<p>[\/vc_column_text][\/vc_tta_section][vc_tta_section title=&#8221;Comunidad MapaH Network&#8221; tab_id=&#8221;1630776306093-e7fc9dc9-7813&#8243;][vc_column_text]<\/p>\n<table style=\"border-collapse: collapse; width: 100%;\">\n<tbody>\n<tr>\n<td style=\"width: 50%;\"><img loading=\"lazy\" class=\"alignnone wp-image-7381\" src=\"https:\/\/www.cientificos.pe\/wp-content\/uploads\/2021\/11\/Nahuel-new.jpg\" alt=\"\" width=\"180\" height=\"180\" srcset=\"https:\/\/www.cientificos.pe\/wp-content\/uploads\/2021\/11\/Nahuel-new.jpg 400w, https:\/\/www.cientificos.pe\/wp-content\/uploads\/2021\/11\/Nahuel-new-300x300.jpg 300w, https:\/\/www.cientificos.pe\/wp-content\/uploads\/2021\/11\/Nahuel-new-150x150.jpg 150w\" sizes=\"(max-width: 180px) 100vw, 180px\" \/><\/td>\n<td style=\"width: 50%;\">R&amp;D Scientist, Nanotecnolog\u00eda<\/td>\n<\/tr>\n<\/tbody>\n<\/table>\n<p>[\/vc_column_text][\/vc_tta_section][vc_tta_section title=&#8221;Libro Abierto &#8211; Bibliotecas Solidarias&#8221; tab_id=&#8221;1630776035482-5b553177-e769&#8243;][vc_column_text]<\/p>\n<h3 style=\"text-align: center;\">Libro Abierto &#8211; Bibliotecas Solidarias<\/h3>\n<table style=\"border-collapse: collapse; width: 100%;\">\n<tbody>\n<tr>\n<td style=\"width: 50%;\"><a href=\"https:\/\/cientificospe.wixsite.com\/iniciativas\/libro-abierto\" target=\"_blank\" rel=\"noopener noreferrer\"><img loading=\"lazy\" class=\"alignnone wp-image-6391\" src=\"https:\/\/www.cientificos.pe\/wp-content\/uploads\/2021\/02\/Image1.png\" alt=\"\" width=\"407\" height=\"331\" \/><\/a><\/td>\n<td style=\"width: 50%;\">\n<table style=\"border-collapse: collapse; width: 100%;\">\n<tbody>\n<tr>\n<td style=\"width: 100%;\">\n<p><figure id=\"attachment_7247\" aria-describedby=\"caption-attachment-7247\" style=\"width: 186px\" class=\"wp-caption alignnone\"><img loading=\"lazy\" class=\"wp-image-7247\" src=\"https:\/\/www.cientificos.pe\/wp-content\/uploads\/2021\/07\/jorge-rafael.jpg\" alt=\"\" width=\"186\" height=\"186\" srcset=\"https:\/\/www.cientificos.pe\/wp-content\/uploads\/2021\/07\/jorge-rafael.jpg 250w, https:\/\/www.cientificos.pe\/wp-content\/uploads\/2021\/07\/jorge-rafael-150x150.jpg 150w\" sizes=\"(max-width: 186px) 100vw, 186px\" \/><figcaption id=\"caption-attachment-7247\" class=\"wp-caption-text\">Jorge Rafael, Alemania<\/figcaption><\/figure><\/td>\n<\/tr>\n<tr>\n<td style=\"width: 100%;\">\n<p><figure id=\"attachment_3798\" aria-describedby=\"caption-attachment-3798\" style=\"width: 177px\" class=\"wp-caption alignnone\"><img loading=\"lazy\" class=\" wp-image-3798\" src=\"https:\/\/www.cientificos.pe\/wp-content\/uploads\/2020\/04\/vivi-foto.jpg\" alt=\"\" width=\"177\" height=\"177\" srcset=\"https:\/\/www.cientificos.pe\/wp-content\/uploads\/2020\/04\/vivi-foto.jpg 649w, https:\/\/www.cientificos.pe\/wp-content\/uploads\/2020\/04\/vivi-foto-150x150.jpg 150w, https:\/\/www.cientificos.pe\/wp-content\/uploads\/2020\/04\/vivi-foto-300x300.jpg 300w, https:\/\/www.cientificos.pe\/wp-content\/uploads\/2020\/04\/vivi-foto-420x420.jpg 420w\" sizes=\"(max-width: 177px) 100vw, 177px\" \/><figcaption id=\"caption-attachment-3798\" class=\"wp-caption-text\">MSc. Finances, Grenoble Ecole de Management, Francia<\/figcaption><\/figure><\/td>\n<\/tr>\n<tr>\n<td style=\"width: 100%;\">\n<p><figure id=\"attachment_5214\" aria-describedby=\"caption-attachment-5214\" style=\"width: 162px\" class=\"wp-caption alignnone\"><img loading=\"lazy\" class=\" wp-image-5214\" src=\"https:\/\/www.cientificos.pe\/wp-content\/uploads\/2020\/09\/nahuel1.png\" alt=\"\" width=\"162\" height=\"220\" srcset=\"https:\/\/www.cientificos.pe\/wp-content\/uploads\/2020\/09\/nahuel1.png 471w, https:\/\/www.cientificos.pe\/wp-content\/uploads\/2020\/09\/nahuel1-220x300.png 220w, https:\/\/www.cientificos.pe\/wp-content\/uploads\/2020\/09\/nahuel1-308x420.png 308w\" sizes=\"(max-width: 162px) 100vw, 162px\" \/><figcaption id=\"caption-attachment-5214\" class=\"wp-caption-text\">PhD. CEA Saclay, Francia<\/figcaption><\/figure><\/td>\n<\/tr>\n<\/tbody>\n<\/table>\n<\/td>\n<\/tr>\n<\/tbody>\n<\/table>\n<p>[\/vc_column_text][\/vc_tta_section][vc_tta_section title=&#8221;Repositorio de Iniciativas&#8221; tab_id=&#8221;1630776346064-93dcf553-2a83&#8243;][vc_media_grid element_width=&#8221;2&#8243; item=&#8221;mediaGrid_SlideOutCaption&#8221; grid_id=&#8221;vc_gid:1750648455502-62d96567-9606-1&#8243; include=&#8221;5859&#8243;][\/vc_tta_section][\/vc_tta_tabs][vc_column_text]<\/p>\n<h3 style=\"text-align: center;\"><strong>Colaboradores<\/strong><\/h3>\n<p>[\/vc_column_text][vc_media_grid element_width=&#8221;2&#8243; item=&#8221;mediaGrid_SlideInTitle&#8221; grid_id=&#8221;vc_gid:1750648455502-7854f9ba-4e61-4&#8243; include=&#8221;448,458,3418,3842,5562,5577,449,7367,6698,6367,4489,3859,5581,5859,5807&#8243;][vc_column_text]<\/p>\n<h3 style=\"text-align: center;\"><strong>Consejo Consultivo<\/strong><\/h3>\n<ul>\n<li>MSc. Bryan Lucero<\/li>\n<li>PhD. Robert Bernedo<\/li>\n<li>MSc. Gerald Salazar<\/li>\n<\/ul>\n<p>[\/vc_column_text][vc_column_text]<\/p>\n<h3 style=\"text-align: center;\"><strong>Coordinadores Generales<\/strong><\/h3>\n<table style=\"border-collapse: collapse; width: 100%;\">\n<tbody>\n<tr>\n<td style=\"width: 33.3333%; text-align: center;\"><strong><strong>A\u00f1o 2012-2015<\/strong><\/strong><\/p>\n<p><figure id=\"attachment_6698\" aria-describedby=\"caption-attachment-6698\" style=\"width: 131px\" class=\"wp-caption alignnone\"><img loading=\"lazy\" class=\"wp-image-6698\" src=\"https:\/\/www.cientificos.pe\/wp-content\/uploads\/2021\/03\/Gerald.png\" alt=\"\" width=\"131\" height=\"159\" \/><figcaption id=\"caption-attachment-6698\" class=\"wp-caption-text\">MSc. Gerald Salazar<\/figcaption><\/figure><\/td>\n<td style=\"width: 33.3333%; text-align: center;\"><strong><strong>A\u00f1o 2015-2018<\/strong><\/strong><\/p>\n<p><figure id=\"attachment_458\" aria-describedby=\"caption-attachment-458\" style=\"width: 137px\" class=\"wp-caption alignnone\"><img loading=\"lazy\" class=\"wp-image-458 size-full\" src=\"https:\/\/www.cientificos.pe\/wp-content\/uploads\/2016\/11\/myra.jpg\" alt=\"\" width=\"137\" height=\"137\" \/><figcaption id=\"caption-attachment-458\" class=\"wp-caption-text\">PhD. Myra Flores, CONCYTEC<\/figcaption><\/figure><\/td>\n<td style=\"width: 33.3333%; text-align: center;\"><strong><strong>A\u00f1o 2018-2020<\/strong><\/strong><\/p>\n<p><figure id=\"attachment_2593\" aria-describedby=\"caption-attachment-2593\" style=\"width: 107px\" class=\"wp-caption alignnone\"><img loading=\"lazy\" class=\" wp-image-2593\" src=\"https:\/\/www.cientificos.pe\/wp-content\/uploads\/2016\/11\/BLfoto.jpeg\" alt=\"\" width=\"107\" height=\"161\" srcset=\"https:\/\/www.cientificos.pe\/wp-content\/uploads\/2016\/11\/BLfoto.jpeg 853w, https:\/\/www.cientificos.pe\/wp-content\/uploads\/2016\/11\/BLfoto-200x300.jpeg 200w, https:\/\/www.cientificos.pe\/wp-content\/uploads\/2016\/11\/BLfoto-768x1152.jpeg 768w, https:\/\/www.cientificos.pe\/wp-content\/uploads\/2016\/11\/BLfoto-682x1024.jpeg 682w, https:\/\/www.cientificos.pe\/wp-content\/uploads\/2016\/11\/BLfoto-696x1044.jpeg 696w, https:\/\/www.cientificos.pe\/wp-content\/uploads\/2016\/11\/BLfoto-280x420.jpeg 280w\" sizes=\"(max-width: 107px) 100vw, 107px\" \/><figcaption id=\"caption-attachment-2593\" class=\"wp-caption-text\">MSc. Bryan Lucero,<\/figcaption><\/figure><\/td>\n<\/tr>\n<\/tbody>\n<\/table>\n<p>[\/vc_column_text][\/vc_column][\/vc_row]<\/p>\n","protected":false},"excerpt":{"rendered":"<p>[vc_row][vc_column][vc_column_text] Asociaci\u00f3n de Cient\u00edficos Peruanos &#8211;\u00a0Cientificos.pe Junta Directiva 2024-2027 Presidente MSc. Gary Jheferson Salazar Rond\u00f3n Secretario MSc. Miguel A. Caicedo Tesorero Est. Univ. Ana Camila Calderon Representantes de Cientificos.pe en el Mundo PhD. Luciana Chavez, EEUU. PhD. Luis Avil\u00e9s, Argentina PhD. Jorge Rafael Velayarse, MSc. Gary Salazar, Alemania PhD. Carla Palomino, Francia PhD. Melina Galdos, [&hellip;]<\/p>\n","protected":false},"author":2,"featured_media":0,"parent":0,"menu_order":3,"comment_status":"closed","ping_status":"closed","template":"","meta":[],"_links":{"self":[{"href":"https:\/\/www.cientificos.pe\/index.php?rest_route=\/wp\/v2\/pages\/324"}],"collection":[{"href":"https:\/\/www.cientificos.pe\/index.php?rest_route=\/wp\/v2\/pages"}],"about":[{"href":"https:\/\/www.cientificos.pe\/index.php?rest_route=\/wp\/v2\/types\/page"}],"author":[{"embeddable":true,"href":"https:\/\/www.cientificos.pe\/index.php?rest_route=\/wp\/v2\/users\/2"}],"replies":[{"embeddable":true,"href":"https:\/\/www.cientificos.pe\/index.php?rest_route=%2Fwp%2Fv2%2Fcomments&post=324"}],"version-history":[{"count":309,"href":"https:\/\/www.cientificos.pe\/index.php?rest_route=\/wp\/v2\/pages\/324\/revisions"}],"predecessor-version":[{"id":8774,"href":"https:\/\/www.cientificos.pe\/index.php?rest_route=\/wp\/v2\/pages\/324\/revisions\/8774"}],"wp:attachment":[{"href":"https:\/\/www.cientificos.pe\/index.php?rest_route=%2Fwp%2Fv2%2Fmedia&parent=324"}],"curies":[{"name":"wp","href":"https:\/\/api.w.org\/{rel}","templated":true}]}}