{"id":5651,"date":"2020-10-26T18:12:20","date_gmt":"2020-10-26T18:12:20","guid":{"rendered":"https:\/\/www.cientificos.pe\/?page_id=5651"},"modified":"2021-06-29T14:15:12","modified_gmt":"2021-06-29T14:15:12","slug":"iniciativas-cti-peru","status":"publish","type":"page","link":"https:\/\/www.cientificos.pe\/?page_id=5651","title":{"rendered":"Repositorio de Iniciativas CTI Per\u00fa"},"content":{"rendered":"<p>[vc_row][vc_column][vc_column_text]<\/p>\n<p style=\"text-align: justify;\"><span style=\"font-size: 14pt;\">Esta secci\u00f3n se la dedicamos a todos aquellos que ponen su granito de arena para fomentar la ciencia y tecnolog\u00eda en nuestro pa\u00eds. De esta manera esperamos que todos los visitantes a esta p\u00e1gina puedan conocerlos y entrar en contacto directamente con ustedes.<\/span><\/p>\n<p><span style=\"font-size: 14pt;\">Para que podamos colocar tu iniciativa o que actualicemos lo que ya hemos ido colocando solo debes llenar el siguiente formulario: <a href=\"https:\/\/forms.gle\/UsWaGQ8JWxED8nZA6\" target=\"_blank\" rel=\"noopener noreferrer\">https:\/\/forms.gle\/UsWaGQ8JWxED8nZA6<\/a>.\u00a0<\/span><\/p>\n<p style=\"text-align: justify;\"><span style=\"font-size: 14pt;\">La p\u00e1gina es din\u00e1mica, estar\u00e1 en continuo desarrollo e implementation. Muchas Gracias! si tienen sugerencias, dudas o si deseas que retiremos tu iniciativa, solo debes escribirnos escr\u00edbannos con total confianza a contacto@cientificos.pe.<\/span><\/p>\n<p>[\/vc_column_text][\/vc_column][\/vc_row][vc_row][vc_column][vc_tta_tabs style=&#8221;modern&#8221; shape=&#8221;round&#8221; color=&#8221;sky&#8221; active_section=&#8221;1&#8243;][vc_tta_section title=&#8221;Divulgaci\u00f3n Cient\u00edfica &#8221; tab_id=&#8221;1604752204367-d46d83fa-aab5&#8243;][vc_column_text]<\/p>\n<table dir=\"ltr\" style=\"width: 100%; height: 3570px;\" border=\"1\" cellspacing=\"0\" cellpadding=\"0\">\n<colgroup>\n<col width=\"474\" \/><\/colgroup>\n<tbody>\n<tr>\n<td style=\"text-align: justify;\">\n<h1 style=\"text-align: center;\"><strong>MYPS &#8211; Microbios y Par\u00e1sitos<\/strong><\/h1>\n<p><img loading=\"lazy\" class=\"size-medium wp-image-6347 alignleft\" src=\"https:\/\/www.cientificos.pe\/wp-content\/uploads\/2021\/01\/27655184_413554895741371_2408652859284756690_n-Celia-Zulema-Anchiraico-Casachagua-300x300.png\" alt=\"\" width=\"300\" height=\"300\" srcset=\"https:\/\/www.cientificos.pe\/wp-content\/uploads\/2021\/01\/27655184_413554895741371_2408652859284756690_n-Celia-Zulema-Anchiraico-Casachagua-300x300.png 300w, https:\/\/www.cientificos.pe\/wp-content\/uploads\/2021\/01\/27655184_413554895741371_2408652859284756690_n-Celia-Zulema-Anchiraico-Casachagua-150x150.png 150w, https:\/\/www.cientificos.pe\/wp-content\/uploads\/2021\/01\/27655184_413554895741371_2408652859284756690_n-Celia-Zulema-Anchiraico-Casachagua-696x696.png 696w, https:\/\/www.cientificos.pe\/wp-content\/uploads\/2021\/01\/27655184_413554895741371_2408652859284756690_n-Celia-Zulema-Anchiraico-Casachagua-420x420.png 420w, https:\/\/www.cientificos.pe\/wp-content\/uploads\/2021\/01\/27655184_413554895741371_2408652859284756690_n-Celia-Zulema-Anchiraico-Casachagua.png 701w\" sizes=\"(max-width: 300px) 100vw, 300px\" \/>MYPS (Microbios y Par\u00e1sitos) es un emprendimiento social de comunicaci\u00f3n cient\u00edfica. Buscamos descentralizar y democratizar el acceso a una educaci\u00f3n cient\u00edfica de calidad en el Per\u00fa. Desarrollamos actividades alineadas a reducir la brecha cient\u00edfica y social, empoderando a los ni\u00f1os y a las ni\u00f1as a que se conviertan en agentes de cambio, brind\u00e1ndoles conocimiento y herramientas did\u00e1cticas para que generen un impacto positivo en su entorno. Para realizar talleres l\u00fadicos e innovadores de ciencia y salud p\u00fablica, elaboramos junto a costureros de Huayc\u00e1n, mu\u00f1ecos con dise\u00f1o de microorganismos (bacterias, virus, par\u00e1sitos). Cada MYPS cumple la funci\u00f3n de trasmitir la ciencia de manera divertida, beneficiar econ\u00f3micamente a los padres y las madres de la comunidad de Huayc\u00e1n en Lima, Per\u00fa y financiar los talleres de la organizaci\u00f3n Q&#8217;omer Kallpa. De esta manera educamos, empoderamos y nos autosostenemos. https:\/\/www.facebook.com\/MYPS.PERU <a href=\"https:\/\/www.instagram.com\/myps.peru\/\" target=\"_blank\" rel=\"noopener noreferrer\">https:\/\/www.instagram.com\/myps.peru\/<\/a><\/td>\n<\/tr>\n<tr style=\"height: 429px;\">\n<td style=\"height: 429px;\">\n<h1 style=\"text-align: center;\"><strong>Macroalgas Marinas del Per\u00fa<\/strong><\/h1>\n<p style=\"text-align: justify;\"><img loading=\"lazy\" class=\" wp-image-6049 alignleft\" src=\"https:\/\/www.cientificos.pe\/wp-content\/uploads\/2021\/01\/logo-final-01-Club-de-Macroalgas-Peru-300x212.png\" alt=\"\" width=\"305\" height=\"216\" srcset=\"https:\/\/www.cientificos.pe\/wp-content\/uploads\/2021\/01\/logo-final-01-Club-de-Macroalgas-Peru-300x212.png 300w, https:\/\/www.cientificos.pe\/wp-content\/uploads\/2021\/01\/logo-final-01-Club-de-Macroalgas-Peru-1024x724.png 1024w, https:\/\/www.cientificos.pe\/wp-content\/uploads\/2021\/01\/logo-final-01-Club-de-Macroalgas-Peru-768x543.png 768w, https:\/\/www.cientificos.pe\/wp-content\/uploads\/2021\/01\/logo-final-01-Club-de-Macroalgas-Peru-1536x1086.png 1536w, https:\/\/www.cientificos.pe\/wp-content\/uploads\/2021\/01\/logo-final-01-Club-de-Macroalgas-Peru-100x70.png 100w, https:\/\/www.cientificos.pe\/wp-content\/uploads\/2021\/01\/logo-final-01-Club-de-Macroalgas-Peru-696x492.png 696w, https:\/\/www.cientificos.pe\/wp-content\/uploads\/2021\/01\/logo-final-01-Club-de-Macroalgas-Peru-1068x755.png 1068w, https:\/\/www.cientificos.pe\/wp-content\/uploads\/2021\/01\/logo-final-01-Club-de-Macroalgas-Peru-594x420.png 594w, https:\/\/www.cientificos.pe\/wp-content\/uploads\/2021\/01\/logo-final-01-Club-de-Macroalgas-Peru.png 1755w\" sizes=\"(max-width: 305px) 100vw, 305px\" \/><\/p>\n<div style=\"text-align: justify;\">Las macroalgas marinas son una fuente de biodiversidad a\u00fan poco explorada en Per\u00fa. \u00a1Acomp\u00e1\u00f1anos a explorarlas!<\/div>\n<div style=\"text-align: justify;\">En &#8220;Macroalgas Marinas del Per\u00fa&#8221; buscamos dar a conocer, con un lenguaje sencillo y amigable: 1) informaci\u00f3n sobre la diversidad de macroalgas marinas en nuestro litoral; 2) investigaciones que se vienen realizando en Per\u00fa; 3) usos y potenciales aplicaciones de las macroalgas marinas; 4) e informaci\u00f3n b\u00e1sica sobre biolog\u00eda de algas<\/div>\n<p style=\"text-align: justify;\"><a href=\"https:\/\/www.facebook.com\/macroalgas.peru\" target=\"_blank\" rel=\"noopener noreferrer\">https:\/\/www.facebook.com\/macroalgas.peru<\/a> <a href=\"https:\/\/www.instagram.com\/macroalgasperu\/\" target=\"_blank\" rel=\"noopener noreferrer\">https:\/\/www.instagram.com\/macroalgasperu\/<\/a><\/p>\n<\/td>\n<\/tr>\n<tr style=\"height: 553px;\">\n<td style=\"height: 553px;\">\n<h1 style=\"text-align: center;\"><strong>AstroCarla<\/strong><\/h1>\n<p style=\"text-align: justify;\"><img loading=\"lazy\" class=\" wp-image-5977 alignleft\" src=\"https:\/\/www.cientificos.pe\/wp-content\/uploads\/2021\/01\/20210104_014514-300x300.jpg\" alt=\"\" width=\"274\" height=\"274\" srcset=\"https:\/\/www.cientificos.pe\/wp-content\/uploads\/2021\/01\/20210104_014514-300x300.jpg 300w, https:\/\/www.cientificos.pe\/wp-content\/uploads\/2021\/01\/20210104_014514-1024x1024.jpg 1024w, https:\/\/www.cientificos.pe\/wp-content\/uploads\/2021\/01\/20210104_014514-150x150.jpg 150w, https:\/\/www.cientificos.pe\/wp-content\/uploads\/2021\/01\/20210104_014514-768x768.jpg 768w, https:\/\/www.cientificos.pe\/wp-content\/uploads\/2021\/01\/20210104_014514-696x696.jpg 696w, https:\/\/www.cientificos.pe\/wp-content\/uploads\/2021\/01\/20210104_014514-420x420.jpg 420w, https:\/\/www.cientificos.pe\/wp-content\/uploads\/2021\/01\/20210104_014514.jpg 1058w\" sizes=\"(max-width: 274px) 100vw, 274px\" \/>En AstroCarla se busca visibilizar la Astronom\u00eda como ciencia y carrera en el Per\u00fa y Latinoamerica. La Astronom\u00eda y otras ciencias generan mucha curiosidad entre los n\u00f1os y j\u00f3venes, pero debido a la falta de visibilizaci\u00f3n e inversi\u00f3n, no se percibe como una carrera profesional y el inter\u00e9s eventualmente se pierde, junto con la oportunidad de tener agentes activos en ciencia en nuestros paises. AstroCarla busca incentivar a las nuevas generaciones a seguir carreras de ciencias mediante el contacto con cient\u00edficos reales a trav\u00e9s de las redes sociales. Aspiro a que esto contribuya a desarrollar nuevas generaciones que se involucren activamente en la ciencia como profesionales, de manera que logremos un desarrollo cient\u00edfico en el pa\u00eds a futuro.<\/p>\n<p>Instagram: @astrocarlaa<\/td>\n<\/tr>\n<tr style=\"height: 328px;\">\n<td style=\"height: 328px;\">\n<h1 style=\"text-align: center;\"><span style=\"font-size: 24pt;\"><strong>Lab Fest<\/strong><\/span><\/h1>\n<p style=\"text-align: justify;\"><img loading=\"lazy\" class=\"wp-image-6052 alignleft\" src=\"https:\/\/www.cientificos.pe\/wp-content\/uploads\/2021\/01\/Screenshot_20210105_182646-Lab-Fest-300x213.jpg\" alt=\"\" width=\"314\" height=\"223\" srcset=\"https:\/\/www.cientificos.pe\/wp-content\/uploads\/2021\/01\/Screenshot_20210105_182646-Lab-Fest-300x213.jpg 300w, https:\/\/www.cientificos.pe\/wp-content\/uploads\/2021\/01\/Screenshot_20210105_182646-Lab-Fest-1024x727.jpg 1024w, https:\/\/www.cientificos.pe\/wp-content\/uploads\/2021\/01\/Screenshot_20210105_182646-Lab-Fest-768x545.jpg 768w, https:\/\/www.cientificos.pe\/wp-content\/uploads\/2021\/01\/Screenshot_20210105_182646-Lab-Fest-100x70.jpg 100w, https:\/\/www.cientificos.pe\/wp-content\/uploads\/2021\/01\/Screenshot_20210105_182646-Lab-Fest-696x494.jpg 696w, https:\/\/www.cientificos.pe\/wp-content\/uploads\/2021\/01\/Screenshot_20210105_182646-Lab-Fest-1068x758.jpg 1068w, https:\/\/www.cientificos.pe\/wp-content\/uploads\/2021\/01\/Screenshot_20210105_182646-Lab-Fest-591x420.jpg 591w, https:\/\/www.cientificos.pe\/wp-content\/uploads\/2021\/01\/Screenshot_20210105_182646-Lab-Fest.jpg 1080w\" sizes=\"(max-width: 314px) 100vw, 314px\" \/><span style=\"font-size: 12pt;\">Divulgaci\u00f3n cient\u00edfica divertida para ni\u00f1os y grandes.Crear inter\u00e9s por la ciencia a trav\u00e9s de talleres din\u00e1micos y divertidos.<\/span> <a style=\"text-align: left; font-family: inherit;\" href=\"https:\/\/www.facebook.com\/519719141874198\/posts\/1066424057203701\/\" target=\"_blank\" rel=\"noopener noreferrer\">https:\/\/www.facebook.com\/519719141874198\/posts\/1066424057203701\/<\/a> <a style=\"text-align: left; font-family: inherit;\" href=\"http:\/\/www.facebook.com\/lab.fest.lima\" target=\"_blank\" rel=\"noopener noreferrer\">http:\/\/www.facebook.com\/lab.fest.lima<\/a><\/p>\n<\/td>\n<\/tr>\n<tr style=\"height: 26px;\">\n<td style=\"height: 26px;\" data-sheets-value=\"{&quot;1&quot;:2,&quot;2&quot;:&quot;Science Bites&quot;}\">\n<h1 style=\"text-align: center;\"><strong>Science Bites<\/strong><\/h1>\n<p style=\"text-align: justify;\"><span style=\"font-size: 12pt;\"><img loading=\"lazy\" class=\" wp-image-6072 alignleft\" src=\"https:\/\/www.cientificos.pe\/wp-content\/uploads\/2021\/01\/logotipo-final-01-Carolina-Segami-300x250.png\" alt=\"\" width=\"252\" height=\"211\" srcset=\"https:\/\/www.cientificos.pe\/wp-content\/uploads\/2021\/01\/logotipo-final-01-Carolina-Segami-300x250.png 300w, https:\/\/www.cientificos.pe\/wp-content\/uploads\/2021\/01\/logotipo-final-01-Carolina-Segami-1024x852.png 1024w, https:\/\/www.cientificos.pe\/wp-content\/uploads\/2021\/01\/logotipo-final-01-Carolina-Segami-768x639.png 768w, https:\/\/www.cientificos.pe\/wp-content\/uploads\/2021\/01\/logotipo-final-01-Carolina-Segami-1536x1278.png 1536w, https:\/\/www.cientificos.pe\/wp-content\/uploads\/2021\/01\/logotipo-final-01-Carolina-Segami-696x579.png 696w, https:\/\/www.cientificos.pe\/wp-content\/uploads\/2021\/01\/logotipo-final-01-Carolina-Segami-1068x888.png 1068w, https:\/\/www.cientificos.pe\/wp-content\/uploads\/2021\/01\/logotipo-final-01-Carolina-Segami-505x420.png 505w, https:\/\/www.cientificos.pe\/wp-content\/uploads\/2021\/01\/logotipo-final-01-Carolina-Segami.png 1551w\" sizes=\"(max-width: 252px) 100vw, 252px\" \/>Science bites naci\u00f3 como una iniciativa para acercar la ciencia a la gente. El formato es de textos muy cortos con diferentes tem\u00e1ticas cient\u00edficas que pretenden invitar al lector a informarse e investigar m\u00e1s los temas de inter\u00e9s propio.<\/span><\/p>\n<p><a href=\"https:\/\/sciencebitesperu.weebly.com\/\" target=\"_blank\" rel=\"noopener noreferrer\">https:\/\/sciencebitesperu.weebly.com\/<\/a> <a href=\"https:\/\/www.facebook.com\/sciencebitesperu\" target=\"_blank\" rel=\"noopener noreferrer\">https:\/\/www.facebook.com\/sciencebitesperu<\/a> @science_bitespe<\/td>\n<\/tr>\n<tr style=\"height: 502px;\">\n<td style=\"text-align: justify; height: 502px;\">\n<h1 style=\"text-align: center;\"><strong>DoctorTr\u00f3nico<\/strong><\/h1>\n<p><img loading=\"lazy\" class=\"size-medium wp-image-6091 alignleft\" src=\"https:\/\/www.cientificos.pe\/wp-content\/uploads\/2021\/01\/Logo-con-titulo-Alessandro-Strobbe-Recoba-221x300.png\" alt=\"\" width=\"221\" height=\"300\" srcset=\"https:\/\/www.cientificos.pe\/wp-content\/uploads\/2021\/01\/Logo-con-titulo-Alessandro-Strobbe-Recoba-221x300.png 221w, https:\/\/www.cientificos.pe\/wp-content\/uploads\/2021\/01\/Logo-con-titulo-Alessandro-Strobbe-Recoba-309x420.png 309w, https:\/\/www.cientificos.pe\/wp-content\/uploads\/2021\/01\/Logo-con-titulo-Alessandro-Strobbe-Recoba.png 660w\" sizes=\"(max-width: 221px) 100vw, 221px\" \/>Startup de divulgaci\u00f3n cient\u00edfica orientado a ense\u00f1ar con un enfoque esc\u00e9ptico en un lenguaje sencillo y con un estilo l\u00fadico. Cuenta con m\u00e1s de 250 columnas acompa\u00f1adas de un meme cient\u00edfico, los cuales llegan a m\u00e1s de 1 mill\u00f3n de personas cada mes. La dirige Alessandro Strobbe Recoba, el cual ha realizado m\u00e1s de 20 ponencias en Per\u00fa y Latinoam\u00e9rica. Si te gustan los memes, y quieres descubrir temas de ciencia a trav\u00e9s de ellos, este es la p\u00e1gina que debes seguir. <a href=\"https:\/\/www.facebook.com\/DoctorTronico\/\" target=\"_blank\" rel=\"noopener noreferrer\">https:\/\/www.facebook.com\/DoctorTronico\/<\/a> <a href=\"https:\/\/www.instagram.com\/DoctorTronico\/\" target=\"_blank\" rel=\"noopener noreferrer\">https:\/\/www.instagram.com\/DoctorTronico\/<\/a> <a href=\"http:\/\/www.doctortronico.com\" target=\"_blank\" rel=\"noopener noreferrer\">http:\/\/www.doctortronico.com<\/a> <a href=\"https:\/\/www.youtube.com\/DoctorTronico\/\" target=\"_blank\" rel=\"noopener noreferrer\">https:\/\/www.youtube.com\/DoctorTronico\/<\/a><\/p>\n<p>&nbsp;<\/td>\n<\/tr>\n<tr style=\"height: 553px;\">\n<td style=\"height: 553px;\">\n<h1 style=\"text-align: center;\"><strong>Drug Discovery Per\u00fa\u00a0<\/strong><\/h1>\n<p style=\"text-align: justify;\">Drug Discovery Per\u00fa <u><img loading=\"lazy\" class=\" wp-image-6094 alignleft\" src=\"https:\/\/www.cientificos.pe\/wp-content\/uploads\/2021\/01\/118225423_339554030560789_1308334591215695335_n-Rocio-M.-Espinoza-Chavez-300x262.png\" alt=\"\" width=\"248\" height=\"217\" srcset=\"https:\/\/www.cientificos.pe\/wp-content\/uploads\/2021\/01\/118225423_339554030560789_1308334591215695335_n-Rocio-M.-Espinoza-Chavez-300x262.png 300w, https:\/\/www.cientificos.pe\/wp-content\/uploads\/2021\/01\/118225423_339554030560789_1308334591215695335_n-Rocio-M.-Espinoza-Chavez-481x420.png 481w, https:\/\/www.cientificos.pe\/wp-content\/uploads\/2021\/01\/118225423_339554030560789_1308334591215695335_n-Rocio-M.-Espinoza-Chavez.png 487w\" sizes=\"(max-width: 248px) 100vw, 248px\" \/><\/u>es una iniciativa creada para fomentar el \u00e1rea de investigaci\u00f3n de descubrimiento de f\u00e1rmacos en el Per\u00fa. Mediante divulgaci\u00f3n cient\u00edfica y de eventos gratuitos se trata de involucrar a los j\u00f3venes peruanos a las diferentes etapas de este proceso haciendo un realce en la qu\u00edmica medicinal, especialidad de la fundadora y promotora de la p\u00e1gina. Adicionalmente, se tiene como objetivo construir una red de investigadores peruanos (residentes en Per\u00fa y en el exterior) junto con estudiantes interesados en la materia para mapear y monitorear el potencial de desarrollar esta \u00e1rea de investigaci\u00f3n en nuestro pa\u00eds y poder ayudarlos a conectar con grupos y entidades internacionales para promover su desarrollo en el Per\u00fa.\u00a0 <a href=\"https:\/\/www.instagram.com\/drugdiscoveryperu\" target=\"_blank\" rel=\"noopener noreferrer\">@drugdiscoveryperu<\/a> <a href=\"https:\/\/www.facebook.com\/drugdiscoveryperu\" target=\"_blank\" rel=\"noopener noreferrer\">https:\/\/www.facebook.com\/drugdiscoveryperu<\/a><\/p>\n<\/td>\n<\/tr>\n<tr style=\"height: 353px;\">\n<td style=\"height: 353px;\">\n<h1 style=\"text-align: center;\"><strong>Asociaci\u00f3n En Orbita<\/strong><\/h1>\n<p style=\"text-align: justify;\"><img loading=\"lazy\" class=\" wp-image-6016 alignleft\" src=\"https:\/\/www.cientificos.pe\/wp-content\/uploads\/2021\/01\/LogotipoOrbita-300x169.jpg\" alt=\"\" width=\"277\" height=\"156\" srcset=\"https:\/\/www.cientificos.pe\/wp-content\/uploads\/2021\/01\/LogotipoOrbita-300x169.jpg 300w, https:\/\/www.cientificos.pe\/wp-content\/uploads\/2021\/01\/LogotipoOrbita-1024x576.jpg 1024w, https:\/\/www.cientificos.pe\/wp-content\/uploads\/2021\/01\/LogotipoOrbita-768x432.jpg 768w, https:\/\/www.cientificos.pe\/wp-content\/uploads\/2021\/01\/LogotipoOrbita-696x391.jpg 696w, https:\/\/www.cientificos.pe\/wp-content\/uploads\/2021\/01\/LogotipoOrbita-1068x600.jpg 1068w, https:\/\/www.cientificos.pe\/wp-content\/uploads\/2021\/01\/LogotipoOrbita-747x420.jpg 747w, https:\/\/www.cientificos.pe\/wp-content\/uploads\/2021\/01\/LogotipoOrbita.jpg 1366w\" sizes=\"(max-width: 277px) 100vw, 277px\" \/>En \u00d3rbita es una asociaci\u00f3n civil sin fines de lucro, creada por un grupo de profesionales de diferentes disciplinas que creemos que la ciencia y la cultura benefician a la sociedad.<\/p>\n<p style=\"text-align: justify;\"><a href=\"https:\/\/www.facebook.com\/AsociacionEnOrbita\" target=\"_blank\" rel=\"noopener noreferrer\"><span style=\"font-size: 12pt;\">https:\/\/www.facebook.com\/AsociacionEnOrbita<\/span><\/a><span style=\"font-size: 12pt;\">\u00a0 <a href=\"http:\/\/www.enorbita.org\/\" target=\"_blank\" rel=\"noopener noreferrer\"><span style=\"font-family: tahoma, sans-serif;\">www.enorbita.org<\/span><\/a><\/span><\/p>\n<\/td>\n<\/tr>\n<tr style=\"height: 553px;\">\n<td style=\"height: 553px;\">\n<h1 style=\"text-align: center;\"><strong>Punto y Soluci\u00f3n<\/strong><\/h1>\n<p style=\"text-align: justify;\"><img loading=\"lazy\" class=\"wp-image-6156 alignleft\" src=\"https:\/\/www.cientificos.pe\/wp-content\/uploads\/2021\/01\/LOGoo-Punto-Solucion.png\" alt=\"\" width=\"260\" height=\"260\" \/>Punto y Soluci\u00f3n es un medio de comunicaci\u00f3n que busca democratizar el conocimiento de la mano de expertos de distintas \u00e1reas. Nuestro formato period\u00edstico es distinto a cualquier otro. Aqu\u00ed el detalle: Invitamos a un especialista y este a su vez invita a otro. Ambos analizan temas puntuales y plantean soluciones. Al ser personas que se conocen y dominan los mismos conceptos, la conversaci\u00f3n es natural y genera importantes ideas que luego convertimos en videos cortos que viralizamos en nuestras redes. As\u00ed, hemos tenido cient\u00edficos, m\u00e9dicos, bi\u00f3logos, ingenieros, educadores, psic\u00f3logos, entre otros destacados profesionales. Nuestro lema: \u00a1Es tiempo de escuchar y aprender de los que saben!<\/p>\n<p><a href=\"https:\/\/www.facebook.com\/PuntoYSolucion\/\" target=\"_blank\" rel=\"noopener noreferrer\">https:\/\/www.facebook.com\/PuntoYSolucion\/<\/a> <a href=\"https:\/\/www.instagram.com\/puntoysolucion\/\" target=\"_blank\" rel=\"noopener noreferrer\">https:\/\/www.instagram.com\/puntoysolucion\/<\/a> <a href=\"http:\/\/bit.ly\/3qrZ1t3\" target=\"_blank\" rel=\"noopener noreferrer\">http:\/\/bit.ly\/3qrZ1t3<\/a><\/td>\n<\/tr>\n<tr style=\"height: 26px;\">\n<td style=\"height: 26px;\" data-sheets-value=\"{&quot;1&quot;:2,&quot;2&quot;:&quot;Sophiman\u00eda&quot;}\">\n<h1 style=\"text-align: center;\"><strong>Sophiman\u00eda<\/strong><\/h1>\n<p style=\"text-align: justify;\"><img loading=\"lazy\" class=\" wp-image-6157 alignleft\" src=\"https:\/\/www.cientificos.pe\/wp-content\/uploads\/2021\/01\/SOPHIMANIA-LOGO-claudia-cisneros-300x212.png\" alt=\"\" width=\"272\" height=\"193\" srcset=\"https:\/\/www.cientificos.pe\/wp-content\/uploads\/2021\/01\/SOPHIMANIA-LOGO-claudia-cisneros-300x212.png 300w, https:\/\/www.cientificos.pe\/wp-content\/uploads\/2021\/01\/SOPHIMANIA-LOGO-claudia-cisneros-1024x724.png 1024w, https:\/\/www.cientificos.pe\/wp-content\/uploads\/2021\/01\/SOPHIMANIA-LOGO-claudia-cisneros-768x543.png 768w, https:\/\/www.cientificos.pe\/wp-content\/uploads\/2021\/01\/SOPHIMANIA-LOGO-claudia-cisneros-100x70.png 100w, https:\/\/www.cientificos.pe\/wp-content\/uploads\/2021\/01\/SOPHIMANIA-LOGO-claudia-cisneros-696x492.png 696w, https:\/\/www.cientificos.pe\/wp-content\/uploads\/2021\/01\/SOPHIMANIA-LOGO-claudia-cisneros-1068x755.png 1068w, https:\/\/www.cientificos.pe\/wp-content\/uploads\/2021\/01\/SOPHIMANIA-LOGO-claudia-cisneros-594x420.png 594w, https:\/\/www.cientificos.pe\/wp-content\/uploads\/2021\/01\/SOPHIMANIA-LOGO-claudia-cisneros.png 1191w\" sizes=\"(max-width: 272px) 100vw, 272px\" \/>Sophimania, del griego sophia, sabidur\u00eda, es esa man\u00eda tan humana por saber, conocer, explorar, comprender, crear. Divulgamos ciencias naturales y tecnolog\u00eda, tambi\u00e9n ciencias sociales y pensamiento cr\u00edtico.\u00a0 <a href=\"https:\/\/www.facebook.com\/Sophimania\" target=\"_blank\" rel=\"noopener noreferrer\">https:\/\/www.facebook.com\/Sophimania<\/a>\u00a0<a href=\"http:\/\/www.sophimania.pe\" target=\"_blank\" rel=\"noopener noreferrer\">http:\/\/www.sophimania.pe<\/a> <a href=\"https:\/\/twitter.com\/sophimania2020\" target=\"_blank\" rel=\"noopener noreferrer\">https:\/\/twitter.com\/sophimania2020<\/a><\/p>\n<\/td>\n<\/tr>\n<tr style=\"height: 247px;\">\n<td style=\"text-align: justify; height: 247px;\">\n<h1 style=\"text-align: center;\"><strong>Econcient\u00edzate<\/strong><\/h1>\n<p><img loading=\"lazy\" class=\"size-medium wp-image-6285 alignleft\" src=\"https:\/\/www.cientificos.pe\/wp-content\/uploads\/2021\/01\/88217562_3538887052848005_7237827051258904576_n-Econcientizate-Peru-300x300.png\" alt=\"\" width=\"300\" height=\"300\" srcset=\"https:\/\/www.cientificos.pe\/wp-content\/uploads\/2021\/01\/88217562_3538887052848005_7237827051258904576_n-Econcientizate-Peru-300x300.png 300w, https:\/\/www.cientificos.pe\/wp-content\/uploads\/2021\/01\/88217562_3538887052848005_7237827051258904576_n-Econcientizate-Peru-150x150.png 150w, https:\/\/www.cientificos.pe\/wp-content\/uploads\/2021\/01\/88217562_3538887052848005_7237827051258904576_n-Econcientizate-Peru-768x768.png 768w, https:\/\/www.cientificos.pe\/wp-content\/uploads\/2021\/01\/88217562_3538887052848005_7237827051258904576_n-Econcientizate-Peru-696x696.png 696w, https:\/\/www.cientificos.pe\/wp-content\/uploads\/2021\/01\/88217562_3538887052848005_7237827051258904576_n-Econcientizate-Peru-420x420.png 420w, https:\/\/www.cientificos.pe\/wp-content\/uploads\/2021\/01\/88217562_3538887052848005_7237827051258904576_n-Econcientizate-Peru.png 867w\" sizes=\"(max-width: 300px) 100vw, 300px\" \/>Fomentamos la divulgaci\u00f3n cient\u00edfica y la educaci\u00f3n ambiental a trav\u00e9s de actividades, conversatorios, foros, webinarios, etc\u00e9tera, con el prop\u00f3sito de exponer a la comunidad la importancia de conservar cualquier tipo de ecosistema natural e inculcar la importancia de un pensamiento cr\u00edtico. Objetivos: Empoderar j\u00f3venes a ser l\u00edderes. Ofrecer una educaci\u00f3n de calidad a la sociedad. Crear espacios de divulgaci\u00f3n cient\u00edfica. Velar por la conservaci\u00f3n de todo tipo de ecosistema natural. <a href=\"https:\/\/www.facebook.com\/econcientizateperu\/?view_public_for=2098664513536940\" target=\"_blank\" rel=\"noopener noreferrer\">https:\/\/www.facebook.com\/econcientizateperu\/?view_public_for=2098664513536940<\/a> <a href=\"https:\/\/www.instagram.com\/econcientizateperu\/\" target=\"_blank\" rel=\"noopener noreferrer\">https:\/\/www.instagram.com\/econcientizateperu\/<\/a> <a href=\"https:\/\/www.linkedin.com\/in\/econcient%C3%ADzate-per%C3%BA-977b31203\/\" target=\"_blank\" rel=\"noopener noreferrer\">https:\/\/www.linkedin.com\/in\/econcient%C3%ADzate-per%C3%BA-977b31203\/<\/a> <a href=\"https:\/\/mobile.twitter.com\/econcientizatep\" target=\"_blank\" rel=\"noopener noreferrer\">https:\/\/mobile.twitter.com\/econcientizatep<\/a><strong>\u00a0\u00a0<\/strong><\/td>\n<\/tr>\n<tr>\n<td style=\"text-align: justify;\">\n<h1 style=\"text-align: center;\"><strong>Sci Lab <\/strong><\/h1>\n<p><img loading=\"lazy\" class=\"size-medium wp-image-6303 alignleft\" src=\"https:\/\/www.cientificos.pe\/wp-content\/uploads\/2021\/01\/sci-lab-Maicol-Joel-Mamani-huaman-300x283.jpeg\" alt=\"\" width=\"300\" height=\"283\" srcset=\"https:\/\/www.cientificos.pe\/wp-content\/uploads\/2021\/01\/sci-lab-Maicol-Joel-Mamani-huaman-300x283.jpeg 300w, https:\/\/www.cientificos.pe\/wp-content\/uploads\/2021\/01\/sci-lab-Maicol-Joel-Mamani-huaman-1024x966.jpeg 1024w, https:\/\/www.cientificos.pe\/wp-content\/uploads\/2021\/01\/sci-lab-Maicol-Joel-Mamani-huaman-768x725.jpeg 768w, https:\/\/www.cientificos.pe\/wp-content\/uploads\/2021\/01\/sci-lab-Maicol-Joel-Mamani-huaman-696x657.jpeg 696w, https:\/\/www.cientificos.pe\/wp-content\/uploads\/2021\/01\/sci-lab-Maicol-Joel-Mamani-huaman-1068x1008.jpeg 1068w, https:\/\/www.cientificos.pe\/wp-content\/uploads\/2021\/01\/sci-lab-Maicol-Joel-Mamani-huaman-445x420.jpeg 445w, https:\/\/www.cientificos.pe\/wp-content\/uploads\/2021\/01\/sci-lab-Maicol-Joel-Mamani-huaman.jpeg 1280w\" sizes=\"(max-width: 300px) 100vw, 300px\" \/>Sci Lab es un equipo multidisciplinario que divulga ciencia. Nuestro objetivo es promover y realizar actividades de comunicaci\u00f3n cient\u00edfica que contribuyan a una mejor comprensi\u00f3n y valoraci\u00f3n p\u00fablica de la ciencia en nuestro pa\u00eds. As\u00ed como incentivar la formaci\u00f3n acad\u00e9mica de las nuevas generaciones, orientada a la innovaci\u00f3n cient\u00edfica. <a href=\"https:\/\/www.facebook.com\/scilabciencia\" target=\"_blank\" rel=\"noopener noreferrer\">https:\/\/www.facebook.com\/scilabciencia<\/a> <a href=\"https:\/\/www.instagram.com\/scilabciencia\/\" target=\"_blank\" rel=\"noopener noreferrer\">https:\/\/www.instagram.com\/scilabciencia\/<\/a> <a href=\"https:\/\/www.youtube.com\/channel\/UCQYoaFEVeCHeVyM15AAlBxg\" target=\"_blank\" rel=\"noopener noreferrer\">https:\/\/www.youtube.com\/channel\/UCQYoaFEVeCHeVyM15AAlBxg<\/a><strong>\u00a0<\/strong><\/td>\n<\/tr>\n<tr>\n<td style=\"text-align: justify;\">\n<h1 style=\"text-align: center;\"><strong>Mitocondria<\/strong><\/h1>\n<p style=\"text-align: justify;\"><img loading=\"lazy\" class=\"size-medium wp-image-6314 alignleft\" src=\"https:\/\/www.cientificos.pe\/wp-content\/uploads\/2021\/01\/MitLogo-Alejandra-Ruiz-Leon-300x300.png\" alt=\"\" width=\"300\" height=\"300\" srcset=\"https:\/\/www.cientificos.pe\/wp-content\/uploads\/2021\/01\/MitLogo-Alejandra-Ruiz-Leon-300x300.png 300w, https:\/\/www.cientificos.pe\/wp-content\/uploads\/2021\/01\/MitLogo-Alejandra-Ruiz-Leon-1024x1024.png 1024w, https:\/\/www.cientificos.pe\/wp-content\/uploads\/2021\/01\/MitLogo-Alejandra-Ruiz-Leon-150x150.png 150w, https:\/\/www.cientificos.pe\/wp-content\/uploads\/2021\/01\/MitLogo-Alejandra-Ruiz-Leon-768x768.png 768w, https:\/\/www.cientificos.pe\/wp-content\/uploads\/2021\/01\/MitLogo-Alejandra-Ruiz-Leon-696x696.png 696w, https:\/\/www.cientificos.pe\/wp-content\/uploads\/2021\/01\/MitLogo-Alejandra-Ruiz-Leon-1068x1068.png 1068w, https:\/\/www.cientificos.pe\/wp-content\/uploads\/2021\/01\/MitLogo-Alejandra-Ruiz-Leon-420x420.png 420w, https:\/\/www.cientificos.pe\/wp-content\/uploads\/2021\/01\/MitLogo-Alejandra-Ruiz-Leon.png 1080w\" sizes=\"(max-width: 300px) 100vw, 300px\" \/>Mitocondria Comunicaci\u00f3n Cient\u00edfica es agencia de creaci\u00f3n de contenido cient\u00edfico, m\u00e9dico y ambiental. Por el momento, el proyecto en el que estoy enfocada es en nuestro Instragram @mitocondria.cc. En el pasado hemos trabajado capacitaciones en comunicaci\u00f3n cient\u00edfica para comunicadores y cient\u00edficos, producci\u00f3n audiovisual y campa\u00f1as de comunicaci\u00f3n cient\u00edfica. <a href=\"http:\/\/instagram.com\/mitocondria.cc\" target=\"_blank\" rel=\"noopener noreferrer\">http:\/\/instagram.com\/mitocondria.cc<\/a> <a href=\"https:\/\/twitter.com\/mitocondriacc\" target=\"_blank\" rel=\"noopener noreferrer\">https:\/\/twitter.com\/mitocondriacc<\/a>\u00a0 <a href=\"http:\/\/facebook.com\/mitocondriacomunicacioncient\u00edfica\" target=\"_blank\" rel=\"noopener noreferrer\">facebook.com\/mitocondriacomunicacioncient\u00edfica<\/a><\/p>\n<\/td>\n<\/tr>\n<tr>\n<td style=\"text-align: justify;\">\n<h1 style=\"text-align: center;\"><strong>Asociaci\u00f3n Vida Silvestre Amaz\u00f3nica-Per\u00fa<\/strong><\/h1>\n<p><img loading=\"lazy\" class=\"size-medium wp-image-6362 alignleft\" src=\"https:\/\/www.cientificos.pe\/wp-content\/uploads\/2021\/02\/Tapirus-terrestris-copia-Luis-Lopez-300x300.jpg\" alt=\"\" width=\"300\" height=\"300\" srcset=\"https:\/\/www.cientificos.pe\/wp-content\/uploads\/2021\/02\/Tapirus-terrestris-copia-Luis-Lopez-300x300.jpg 300w, https:\/\/www.cientificos.pe\/wp-content\/uploads\/2021\/02\/Tapirus-terrestris-copia-Luis-Lopez-150x150.jpg 150w, https:\/\/www.cientificos.pe\/wp-content\/uploads\/2021\/02\/Tapirus-terrestris-copia-Luis-Lopez-420x420.jpg 420w, https:\/\/www.cientificos.pe\/wp-content\/uploads\/2021\/02\/Tapirus-terrestris-copia-Luis-Lopez.jpg 626w\" sizes=\"(max-width: 300px) 100vw, 300px\" \/>Colabora con nosotros para bajar la tasa de mortalidad de fauna silvestre por causa de atropellamientos en la carreteras establecidas en la Amazon\u00eda Peruana. Para ello, sugerimos a los ciudadanos que compartan sus registros con un foto y datos como: nombre com\u00fan del animal atropellado (anfibios, reptiles, aves y mam\u00edferos), n\u00famero de individuos (si son m\u00e1s de uno), edad del animal (adulto, juvenil, cr\u00eda), hora de encuentro, nombre y ubicaci\u00f3n de la carretera o trocha carrozable. Esta nueva iniciativa de conservaci\u00f3n esta a cargo de la Asociaci\u00f3n Vida Silvestre Amaz\u00f3nica-Per\u00fa (VISAMAZ) como parte de sus proyectos con miras hacia el desarrollo sostenible de la ciudad de Iquitos y otras ciudades de la Amazon\u00eda peruana con la participaci\u00f3n de la ciudadan\u00eda. <a href=\"https:\/\/www.instagram.com\/atropellofaunaamazonica_peru\/\" target=\"_blank\" rel=\"noopener noreferrer\">https:\/\/www.instagram.com\/atropellofaunaamazonica_peru\/<\/a> <a href=\"https:\/\/www.facebook.com\/atropellofaunaamazonicaperu\/\" target=\"_blank\" rel=\"noopener noreferrer\">https:\/\/www.facebook.com\/atropellofaunaamazonicaperu\/<\/a><\/p>\n<h1 style=\"text-align: center;\"><strong>\u00a0<\/strong><\/h1>\n<\/td>\n<\/tr>\n<\/tbody>\n<\/table>\n<p>[\/vc_column_text][\/vc_tta_section][vc_tta_section title=&#8221;Mentor\u00edas, pasant\u00edas, etc&#8221; tab_id=&#8221;1604752204389-9fcdceda-99e7&#8243;][vc_column_text]<\/p>\n<table dir=\"ltr\" border=\"1\" cellspacing=\"0\" cellpadding=\"0\">\n<colgroup>\n<col width=\"474\" \/><\/colgroup>\n<tbody>\n<tr>\n<td>\n<h1 style=\"text-align: center;\"><strong><span style=\"font-size: 24pt;\">SERENDIPITY<\/span><\/strong><\/h1>\n<p style=\"text-align: justify;\"><img loading=\"lazy\" class=\" wp-image-6485 alignleft\" src=\"https:\/\/www.cientificos.pe\/wp-content\/uploads\/2021\/02\/Serendipity-Romina-Geraldine-Pacheco-Tapia-300x169.jpg\" alt=\"\" width=\"369\" height=\"206\" \/>En Per\u00fa, los estudiantes y profesionales de carreras STEM (Ciencia, Tecnolog\u00eda, Ingenier\u00eda y Matem\u00e1ticas) enfrentan muchas dificultades para acceder a entrenamiento o estudios de posgrado. Esto se traduce en un n\u00famero reducido de ci\u00e9ntificos altamente capacitados. Serendipity busca atender este problema mediante una plataforma de mentor\u00eda que identifica y entrena a los mejores estudiantes de carreras STEM para convertirlos en candidatos m\u00e1s fuertes al momento de postular a dichas oportunidades. Durante un semestre, la cohorte seleccionada recibe talleres transversales de herramientas academico-cient\u00edficas para poder potenciar sus aptitudes, reconocer sus debilidades y dise\u00f1ar estrategias para fortalecerlas. Este entrenamiento se complementa con mentor\u00eda one-on-one, donde se asigna un mentor (por lo general un profesional peruano que estudia un posgrado internacional) para que pueda guiar y apoyar al estudiante en prop\u00f3sitos espec\u00edficos. <a href=\"https:\/\/www.serendipityprogram.com\/\" target=\"_blank\" rel=\"noopener noreferrer\">https:\/\/www.serendipityprogram.com\/<\/a> <a href=\"https:\/\/www.facebook.com\/serendipityprogram\" target=\"_blank\" rel=\"noopener noreferrer\">https:\/\/www.facebook.com\/serendipityprogram<\/a> <a href=\"https:\/\/www.linkedin.com\/company\/serendipityprogram\/\" target=\"_blank\" rel=\"noopener noreferrer\">https:\/\/www.linkedin.com\/company\/serendipityprogram\/<\/a> <a href=\"https:\/\/twitter.com\/serendipityperu\" target=\"_blank\" rel=\"noopener noreferrer\">https:\/\/twitter.com\/serendipityperu<\/a><\/p>\n<\/td>\n<\/tr>\n<tr>\n<td>\n<h1 style=\"text-align: center;\"><strong><span style=\"font-size: 24pt;\">Ekpa\u2019palek<\/span><\/strong><\/h1>\n<p style=\"text-align: justify;\"><span style=\"font-size: 12pt;\"><img loading=\"lazy\" class=\"size-medium wp-image-6265 alignleft\" src=\"https:\/\/www.cientificos.pe\/wp-content\/uploads\/2021\/01\/ekpapalek-300x92.png\" alt=\"\" width=\"300\" height=\"92\" srcset=\"https:\/\/www.cientificos.pe\/wp-content\/uploads\/2021\/01\/ekpapalek-300x92.png 300w, https:\/\/www.cientificos.pe\/wp-content\/uploads\/2021\/01\/ekpapalek-1024x315.png 1024w, https:\/\/www.cientificos.pe\/wp-content\/uploads\/2021\/01\/ekpapalek-768x236.png 768w, https:\/\/www.cientificos.pe\/wp-content\/uploads\/2021\/01\/ekpapalek-1536x473.png 1536w, https:\/\/www.cientificos.pe\/wp-content\/uploads\/2021\/01\/ekpapalek-696x214.png 696w, https:\/\/www.cientificos.pe\/wp-content\/uploads\/2021\/01\/ekpapalek-1068x329.png 1068w, https:\/\/www.cientificos.pe\/wp-content\/uploads\/2021\/01\/ekpapalek-1365x420.png 1365w, https:\/\/www.cientificos.pe\/wp-content\/uploads\/2021\/01\/ekpapalek.png 1956w\" sizes=\"(max-width: 300px) 100vw, 300px\" \/>Ekpa\u2019palek ofrece oportunidades para el desarrollo profesional a trav\u00e9s de tres programas gratuitos: Programa Mentor\u00edas Profesionales, Programa Empoderamiento de la Mujer y el Programa Lenguas Ind\u00edgenas. Estos programas son complementados con un canal de YouTube donde creamos webinars, entrevistas, campa\u00f1as y con un blog donde compartimos art\u00edculos de desarrollo profesional. <\/span><\/p>\n<p style=\"text-align: justify;\"><a href=\"http:\/\/www.ekpapalek.com\/\"><span style=\"font-size: 12pt;\">ekpapalek.com<\/span><\/a><\/p>\n<\/td>\n<\/tr>\n<tr>\n<td>\n<h1 style=\"text-align: center;\"><span style=\"font-size: 24pt;\"><strong>Be-Tech<\/strong><\/span><\/h1>\n<p style=\"text-align: justify;\"><img loading=\"lazy\" class=\"size-medium wp-image-6050 alignleft\" src=\"https:\/\/www.cientificos.pe\/wp-content\/uploads\/2021\/01\/BE-Tech-V-pos-color-Avid-Roman-Gonzalez-227x300.png\" alt=\"\" width=\"227\" height=\"300\" srcset=\"https:\/\/www.cientificos.pe\/wp-content\/uploads\/2021\/01\/BE-Tech-V-pos-color-Avid-Roman-Gonzalez-227x300.png 227w, https:\/\/www.cientificos.pe\/wp-content\/uploads\/2021\/01\/BE-Tech-V-pos-color-Avid-Roman-Gonzalez-776x1024.png 776w, https:\/\/www.cientificos.pe\/wp-content\/uploads\/2021\/01\/BE-Tech-V-pos-color-Avid-Roman-Gonzalez-768x1014.png 768w, https:\/\/www.cientificos.pe\/wp-content\/uploads\/2021\/01\/BE-Tech-V-pos-color-Avid-Roman-Gonzalez-696x919.png 696w, https:\/\/www.cientificos.pe\/wp-content\/uploads\/2021\/01\/BE-Tech-V-pos-color-Avid-Roman-Gonzalez-1068x1410.png 1068w, https:\/\/www.cientificos.pe\/wp-content\/uploads\/2021\/01\/BE-Tech-V-pos-color-Avid-Roman-Gonzalez-318x420.png 318w, https:\/\/www.cientificos.pe\/wp-content\/uploads\/2021\/01\/BE-Tech-V-pos-color-Avid-Roman-Gonzalez.png 1080w\" sizes=\"(max-width: 227px) 100vw, 227px\" \/><span style=\"font-size: 12pt;\">BE Tech es una Incubadora de Investigaci\u00f3n. Busca facilitar el camino hacia la investigaci\u00f3n de las nuevas generaciones a trav\u00e9s de capacitaci\u00f3n, consultor\u00eda, asesoramiento personalizado de producci\u00f3n cient\u00edfica y tecnol\u00f3gica. El valor diferencial de BE Tech es la capacidad, trayectoria y experiencia de los miembros que conforman el equipo. Somos un equipo multinacional, con diversidad generacional y de g\u00e9nero. <\/span><\/p>\n<p style=\"text-align: justify;\"><span style=\"font-size: 12pt;\">@BE_T3ch Instagram \u00a0\u00a0 \u00a0\u00a0 \u00a0\u00a0 \u00a0\u00a0 \u00a0\u00a0 <\/span><a style=\"font-size: 12pt;\" href=\"http:\/\/betech.net.pe\" target=\"_blank\" rel=\"noopener noreferrer\">http:\/\/betech.net.pe<\/a> <a style=\"font-size: 12pt;\" href=\"https:\/\/www.facebook.com\/BETech.net.pe\" target=\"_blank\" rel=\"noopener noreferrer\">https:\/\/www.facebook.com\/BETech.net.pe<\/a><\/p>\n<p>&nbsp;<\/td>\n<\/tr>\n<tr>\n<td style=\"text-align: justify;\">\n<h1 style=\"text-align: center;\"><strong>Sinergia-Program<\/strong><\/h1>\n<p><img loading=\"lazy\" class=\" wp-image-6115 alignleft\" src=\"https:\/\/www.cientificos.pe\/wp-content\/uploads\/2021\/01\/Sinergia-Program-Camila-Calderon-Mayo-300x300.png\" alt=\"\" width=\"340\" height=\"338\" \/>Es un proyecto e iniciativa formado por estudiantes de la UNALM, y est\u00e1 dirigido para alumnos de 1ero a 5to ciclo, de diversas facultades de las universidades sedes de SINERGIA ( UNMSM, UNT). En en donde se van a desarrollar talleres formativos, sesiones de mentoring y charlas sobre c\u00f3mo se desarrolla investigaci\u00f3n en el Per\u00fa y en el extranjero. <a href=\"https:\/\/www.facebook.com\/Sinergiaprogram\" target=\"_blank\" rel=\"noopener noreferrer\">https:\/\/www.facebook.com\/Sinergiaprogram<\/a> <a href=\"https:\/\/www.facebook.com\/Sinergia-UNALM-104053898084597\" target=\"_blank\" rel=\"noopener noreferrer\">https:\/\/www.facebook.com\/Sinergia-UNALM-104053898084597<\/a> <a href=\"https:\/\/www.facebook.com\/Sinergia-UNT-102927118253468\" target=\"_blank\" rel=\"noopener noreferrer\">https:\/\/www.facebook.com\/Sinergia-UNT-102927118253468<\/a> <a href=\"https:\/\/www.facebook.com\/Sinergia-UNMSM-103864421484970\" target=\"_blank\" rel=\"noopener noreferrer\">https:\/\/www.facebook.com\/Sinergia-UNMSM-103864421484970<\/a><\/p>\n<h1 style=\"text-align: center;\"><span style=\"font-size: 24pt;\"><strong>\u00a0<\/strong><\/span><\/h1>\n<\/td>\n<\/tr>\n<tr>\n<td data-sheets-value=\"{&quot;1&quot;:2,&quot;2&quot;:&quot;Research Experience for Peruvian Undergraduates (REPU)&quot;}\">\n<h1 style=\"text-align: center;\"><strong>Research Experience for Peruvian Undergraduates (REPU)<\/strong><\/h1>\n<p style=\"text-align: justify;\"><img loading=\"lazy\" class=\"size-medium wp-image-6075 alignleft\" src=\"https:\/\/www.cientificos.pe\/wp-content\/uploads\/2021\/01\/Logo-completo-Danae-Chipoco-Haro-300x147.png\" alt=\"\" width=\"300\" height=\"147\" srcset=\"https:\/\/www.cientificos.pe\/wp-content\/uploads\/2021\/01\/Logo-completo-Danae-Chipoco-Haro-300x147.png 300w, https:\/\/www.cientificos.pe\/wp-content\/uploads\/2021\/01\/Logo-completo-Danae-Chipoco-Haro-324x160.png 324w, https:\/\/www.cientificos.pe\/wp-content\/uploads\/2021\/01\/Logo-completo-Danae-Chipoco-Haro.png 409w\" sizes=\"(max-width: 300px) 100vw, 300px\" \/>REPU es una comunidad de profesionales con alto esp\u00edritu colaborativo y comprometidos con el desarrollo de la capacidad tecnol\u00f3gica y cient\u00edfica del Per\u00fa. Complementamos la educaci\u00f3n de estudiantes peruanos de pregrado en carreras STEM mediante pasant\u00edas de investigaci\u00f3n en las mejores instituciones del mundo, adem\u00e1s de otras actividades que promueven su desarrollo profesional.<\/p>\n<p><a href=\"https:\/\/www.repuprogram.org\/\" target=\"_blank\" rel=\"noopener noreferrer\">https:\/\/www.repuprogram.org\/<\/a> <a href=\"https:\/\/www.facebook.com\/REPUprogram\/\" target=\"_blank\" rel=\"noopener noreferrer\">https:\/\/www.facebook.com\/REPUprogram\/<\/a>\u00a0 @repu.program: Instagram @REPUProgram: Twitter<\/p>\n<p>&nbsp;<\/td>\n<\/tr>\n<tr>\n<td data-sheets-value=\"{&quot;1&quot;:2,&quot;2&quot;:&quot;Sisay Mentores&quot;}\">\n<h1 style=\"text-align: center;\"><strong>Sisay Mentores<\/strong><\/h1>\n<p style=\"text-align: justify;\"><img loading=\"lazy\" class=\" wp-image-6116 alignleft\" src=\"https:\/\/www.cientificos.pe\/wp-content\/uploads\/2021\/01\/logo-Sisay-web-01-Jeanet-LA-300x97.png\" alt=\"\" width=\"320\" height=\"102\" \/>Sisay Mentores conecta a profesionales del campo de la ciencia y tecnolog\u00eda con j\u00f3venes que se encuentran estudiando una carrera af\u00edn, a trav\u00e9s de sesiones de mentor\u00eda en l\u00ednea. El fin es que los estudiantes participantes progresen en el desarrollo de sus competencias profesionales e interpersonales, aprendan a gestionar el logro de sus objetivos y tomen conocimiento de las oportunidades presentes en su profesi\u00f3n. Todo ello a partir de la relaci\u00f3n participante- mentor y del acompa\u00f1amiento y gu\u00eda brindado por este \u00faltimo. <a href=\"http:\/\/sisay-mentores.org\/\" target=\"_blank\" rel=\"noopener noreferrer\">http:\/\/sisay-mentores.org\/<\/a><\/p>\n<p><a href=\"https:\/\/www.facebook.com\/SisayMentores\" target=\"_blank\" rel=\"noopener noreferrer\">https:\/\/www.facebook.com\/SisayMentores<\/a><\/td>\n<\/tr>\n<tr>\n<td>&nbsp;<\/p>\n<p>&nbsp;<\/td>\n<\/tr>\n<\/tbody>\n<\/table>\n<p>[\/vc_column_text][\/vc_tta_section][vc_tta_section title=&#8221;Conferencias, Reuniones y Workshops&#8221; tab_id=&#8221;1604752242576-925342f5-d579&#8243;][vc_column_text]<\/p>\n<table dir=\"ltr\" style=\"width: 100%; height: 2221px;\" border=\"1\" cellspacing=\"0\" cellpadding=\"0\">\n<colgroup>\n<col width=\"474\" \/><\/colgroup>\n<tbody>\n<tr style=\"height: 464px;\">\n<td style=\"height: 408px;\">\n<h1 style=\"text-align: center;\"><strong>Yachay<\/strong><\/h1>\n<p style=\"text-align: justify;\"><img loading=\"lazy\" class=\" wp-image-6088 alignleft\" src=\"https:\/\/www.cientificos.pe\/wp-content\/uploads\/2021\/01\/Logo-Yachay-Nair-Elizabeth-Zarate-Alva-300x80.png\" alt=\"\" width=\"300\" height=\"80\" srcset=\"https:\/\/www.cientificos.pe\/wp-content\/uploads\/2021\/01\/Logo-Yachay-Nair-Elizabeth-Zarate-Alva-300x80.png 300w, https:\/\/www.cientificos.pe\/wp-content\/uploads\/2021\/01\/Logo-Yachay-Nair-Elizabeth-Zarate-Alva-1024x271.png 1024w, https:\/\/www.cientificos.pe\/wp-content\/uploads\/2021\/01\/Logo-Yachay-Nair-Elizabeth-Zarate-Alva-768x204.png 768w, https:\/\/www.cientificos.pe\/wp-content\/uploads\/2021\/01\/Logo-Yachay-Nair-Elizabeth-Zarate-Alva-1536x407.png 1536w, https:\/\/www.cientificos.pe\/wp-content\/uploads\/2021\/01\/Logo-Yachay-Nair-Elizabeth-Zarate-Alva-696x184.png 696w, https:\/\/www.cientificos.pe\/wp-content\/uploads\/2021\/01\/Logo-Yachay-Nair-Elizabeth-Zarate-Alva-1068x283.png 1068w, https:\/\/www.cientificos.pe\/wp-content\/uploads\/2021\/01\/Logo-Yachay-Nair-Elizabeth-Zarate-Alva-1585x420.png 1585w, https:\/\/www.cientificos.pe\/wp-content\/uploads\/2021\/01\/Logo-Yachay-Nair-Elizabeth-Zarate-Alva.png 2000w\" sizes=\"(max-width: 300px) 100vw, 300px\" \/>Misi\u00f3n: Yachay es una red cuya misi\u00f3n es generar un espacio de conexi\u00f3n entre peruanos\/as investigadores\/as y profesionales residentes en Espa\u00f1a, para promover la reflexi\u00f3n, compartir experiencias e impulsar la colaboraci\u00f3n. Visi\u00f3n: Contribuir al empoderamiento de investigadores\/as y profesionales peruanos\/as residentes en Espa\u00f1a. 3. Objetivos Objetivo general: -Conectar con los\/as investigadores\/as y profesionales peruanos\/as para fomentar su colaboraci\u00f3n y empoderamiento. Objetivos espec\u00edficos: -Promover el intercambio de ideas y experiencias investigadoras y profesionales entre los peruanos\/as residentes en Espa\u00f1a. -Fomentar espacios de colaboraci\u00f3n para promover la transferencia de conocimiento y la creaci\u00f3n de proyectos entre Per\u00fa y Espa\u00f1a.<\/p>\n<p><a href=\"https:\/\/www.facebook.com\/groups\/xarxa.yachay\" target=\"_blank\" rel=\"noopener noreferrer\">https:\/\/www.facebook.com\/groups\/xarxa.yachay<\/a><\/td>\n<\/tr>\n<tr style=\"height: 797px;\">\n<td style=\"height: 784px;\">\n<h1 style=\"text-align: center;\"><strong>Grupo Astronom\u00eda<\/strong><\/h1>\n<p style=\"text-align: justify;\"><img loading=\"lazy\" class=\" wp-image-6113 alignleft\" src=\"https:\/\/www.cientificos.pe\/wp-content\/uploads\/2021\/01\/LOGOGA-Grupo-Astronomia-UNI-300x214.png\" alt=\"\" width=\"321\" height=\"229\" srcset=\"https:\/\/www.cientificos.pe\/wp-content\/uploads\/2021\/01\/LOGOGA-Grupo-Astronomia-UNI-300x214.png 300w, https:\/\/www.cientificos.pe\/wp-content\/uploads\/2021\/01\/LOGOGA-Grupo-Astronomia-UNI-1024x732.png 1024w, https:\/\/www.cientificos.pe\/wp-content\/uploads\/2021\/01\/LOGOGA-Grupo-Astronomia-UNI-768x549.png 768w, https:\/\/www.cientificos.pe\/wp-content\/uploads\/2021\/01\/LOGOGA-Grupo-Astronomia-UNI-100x70.png 100w, https:\/\/www.cientificos.pe\/wp-content\/uploads\/2021\/01\/LOGOGA-Grupo-Astronomia-UNI-696x498.png 696w, https:\/\/www.cientificos.pe\/wp-content\/uploads\/2021\/01\/LOGOGA-Grupo-Astronomia-UNI-1068x764.png 1068w, https:\/\/www.cientificos.pe\/wp-content\/uploads\/2021\/01\/LOGOGA-Grupo-Astronomia-UNI-587x420.png 587w, https:\/\/www.cientificos.pe\/wp-content\/uploads\/2021\/01\/LOGOGA-Grupo-Astronomia-UNI.png 1284w\" sizes=\"(max-width: 321px) 100vw, 321px\" \/>El Grupo Astronom\u00eda es fundado en el a\u00f1o 1986 por un grupo de estudiantes de la Facultad de Ciencias de la UNI, quienes se juntaron para observar el paso del cometa Halley por territorio peruano. Desde entonces, las diferentes generaciones de estudiantes han ido desarrollando diversos proyectos, por ejemplo, la construcci\u00f3n de un telescopio, registro del eclipse solar de 1994 desde Tacna, realizaci\u00f3n del D\u00eda Internacional de la Astronom\u00eda, evento que se realiza anualmente en el primer semestre del a\u00f1o, medici\u00f3n de la calidad de cielo en Huancayo, etc. En la actualidad, nuestra agrupaci\u00f3n est\u00e1 formado por miembros adherentes y miembros activos, quienes son estudiantes de la facultad, y por los mimebros consultores, que son ex miembros y que han realizado su postgrado en Astronom\u00eda o un \u00e1rea af\u00edn. El proyecto m\u00e1s importante de estos miembros es la implementaci\u00f3n del Observatorio astron\u00f3mico de la UNI (OAUNI) que est\u00e1 acondicionado en las instalaciones del Observatorio de Huancayo del IGP y que cuenta con un programa cient\u00edfico dirigido por el Dr. Antonio Pereyra. Entre las actividades que se realizan se puede mencionar la formaci\u00f3n de los estudiantes de la facultad en t\u00f3picos b\u00e1sicos de Astronom\u00eda, organizaci\u00f3n de eventos acad\u00e9micos tales como conferencias, workshops, EPAA (Encuentro Peruano de Astronm\u00eda y Astrof\u00edsica) y otros; promoci\u00f3n de proyectos a nivel universitario, registros de eventos astron\u00f3micos y divulgaci\u00f3n cient\u00edfica.<\/p>\n<p><a href=\"https:\/\/www.facebook.com\/GrupoAstronomia.UNI\" target=\"_blank\" rel=\"noopener noreferrer\">https:\/\/www.facebook.com\/GrupoAstronomia.UNI<\/a> <a href=\"https:\/\/twitter.com\/AstronomiaUNI\" target=\"_blank\" rel=\"noopener noreferrer\">https:\/\/twitter.com\/AstronomiaUNI<\/a> <a href=\"https:\/\/www.instagram.com\/grupoastronomia\/\" target=\"_blank\" rel=\"noopener noreferrer\">https:\/\/www.instagram.com\/grupoastronomia\/<\/a><\/td>\n<\/tr>\n<tr style=\"height: 446px;\">\n<td style=\"height: 446px;\">\n<h1 style=\"text-align: center;\"><strong>\u00a0RIdeC- red interuniversitaria de ciencias<\/strong><\/h1>\n<p><img loading=\"lazy\" class=\"size-medium wp-image-6267 alignleft\" src=\"https:\/\/www.cientificos.pe\/wp-content\/uploads\/2021\/01\/69490999_102735061111875_6282433669575475200_n-CAMILA-SUAREZ-300x300.jpg\" alt=\"\" width=\"300\" height=\"300\" srcset=\"https:\/\/www.cientificos.pe\/wp-content\/uploads\/2021\/01\/69490999_102735061111875_6282433669575475200_n-CAMILA-SUAREZ-300x300.jpg 300w, https:\/\/www.cientificos.pe\/wp-content\/uploads\/2021\/01\/69490999_102735061111875_6282433669575475200_n-CAMILA-SUAREZ-150x150.jpg 150w, https:\/\/www.cientificos.pe\/wp-content\/uploads\/2021\/01\/69490999_102735061111875_6282433669575475200_n-CAMILA-SUAREZ-420x420.jpg 420w, https:\/\/www.cientificos.pe\/wp-content\/uploads\/2021\/01\/69490999_102735061111875_6282433669575475200_n-CAMILA-SUAREZ.jpg 500w\" sizes=\"(max-width: 300px) 100vw, 300px\" \/><\/p>\n<p style=\"text-align: justify;\">Somos una organizaci\u00f3n de estudiantes y profesionales de ciencias que buscan fomentar e impulsar la integraci\u00f3n de estudiantes con investigadores y la comunidad. Para que las \u00e1reas de f\u00edsica, qu\u00edmica, biolog\u00eda y matem\u00e1tica, tengan mayor visibilidad.<\/p>\n<p><a href=\"https:\/\/www.facebook.com\/RIDECPERUOFICIAL\/\" target=\"_blank\" rel=\"noopener noreferrer\">https:\/\/www.facebook.com\/RIDECPERUOFICIAL\/<\/a> <a href=\"https:\/\/www.instagram.com\/ridecperu\/\" target=\"_blank\" rel=\"noopener noreferrer\">https:\/\/www.instagram.com\/ridecperu\/<\/a> <a href=\"https:\/\/twitter.com\/RIdeCPeru\" target=\"_blank\" rel=\"noopener noreferrer\">https:\/\/twitter.com\/RIdeCPeru<\/a><\/p>\n<p>&nbsp;<\/td>\n<\/tr>\n<tr style=\"height: 239px;\">\n<td style=\"height: 239px;\">\n<h1 style=\"text-align: center;\"><b>Encuentro Cient\u00edfico Internacional- ECI<\/b><\/h1>\n<p><img loading=\"lazy\" class=\"\" src=\"https:\/\/i1.wp.com\/eciperu.net\/wp-content\/uploads\/2018\/10\/cropped-zzzzlogo-del-eci1.png?fit=800%2C200&amp;ssl=1\" alt=\" International Scientific Meeting (ECI), since 1993.\" width=\"356\" height=\"89\" \/><\/p>\n<p><a href=\"https:\/\/eciperu.net\/\" target=\"_blank\" rel=\"noopener noreferrer\">https:\/\/eciperu.net\/<\/a><\/td>\n<\/tr>\n<tr style=\"height: 397px;\">\n<td style=\"height: 320px;\">\n<h1 style=\"text-align: center;\"><strong>Sinapsis &#8211; PERU Encuentro de Cient\u00edficos Peruanos en Europa<\/strong><\/h1>\n<p style=\"text-align: justify;\"><img loading=\"lazy\" class=\"wp-image-6306 alignleft\" src=\"https:\/\/www.cientificos.pe\/wp-content\/uploads\/2021\/01\/ARTE-LOGOTIPO-SINAPSIS-con-frase-background-Medio-Transpartente-png-Glenda-Cardenas-300x83.png\" alt=\"\" width=\"345\" height=\"95\" srcset=\"https:\/\/www.cientificos.pe\/wp-content\/uploads\/2021\/01\/ARTE-LOGOTIPO-SINAPSIS-con-frase-background-Medio-Transpartente-png-Glenda-Cardenas-300x83.png 300w, https:\/\/www.cientificos.pe\/wp-content\/uploads\/2021\/01\/ARTE-LOGOTIPO-SINAPSIS-con-frase-background-Medio-Transpartente-png-Glenda-Cardenas.png 640w\" sizes=\"(max-width: 345px) 100vw, 345px\" \/>Sinapsis es un evento que re\u00fane a cient\u00edficos y estudiantes peruanos en Europa. El principal objetivo de Sinapsis es brindar un espacio din\u00e1mico de discusi\u00f3n en ciencia, tecnolog\u00eda e innovaci\u00f3n, con el fin de apoyar el desarrollo de la ciencia en el Per\u00fa.<\/p>\n<p><a href=\"https:\/\/www.sinapsis-peru.org\/\" target=\"_blank\" rel=\"noopener noreferrer\">https:\/\/www.sinapsis-peru.org\/<\/a>\u00a0 \u00a0 \u00a0 \u00a0 \u00a0 \u00a0 \u00a0 \u00a0 \u00a0 \u00a0 \u00a0 \u00a0 <a href=\"https:\/\/www.facebook.com\/PeruSinapsis\/\" target=\"_blank\" rel=\"noopener noreferrer\">https:\/\/www.facebook.com\/PeruSinapsis\/<\/a><strong>\u00a0<\/strong><\/td>\n<\/tr>\n<tr style=\"height: 24px;\">\n<td style=\"height: 24px;\" data-sheets-value=\"{&quot;1&quot;:2,&quot;2&quot;:&quot;Biomakers Lab&quot;}\"><\/td>\n<\/tr>\n<\/tbody>\n<\/table>\n<p>[\/vc_column_text][\/vc_tta_section][vc_tta_section title=&#8221;Ciencia, Arte y Ni\u00f1os&#8221; tab_id=&#8221;1604752380795-2ff17944-eeb2&#8243;][vc_column_text]<\/p>\n<table dir=\"ltr\" style=\"width: 96.551%; height: 352px;\" border=\"1\" cellspacing=\"0\" cellpadding=\"0\">\n<colgroup>\n<col width=\"474\" \/><\/colgroup>\n<tbody>\n<tr style=\"height: 377px;\">\n<td style=\"height: 377px; width: 100%;\">\n<h1 style=\"text-align: center;\"><strong>CEPRECYT<\/strong><\/h1>\n<p style=\"text-align: justify;\"><img loading=\"lazy\" class=\"size-medium wp-image-6098 alignleft\" src=\"https:\/\/www.cientificos.pe\/wp-content\/uploads\/2021\/01\/ceprecyt-300x146.jpg\" alt=\"\" width=\"300\" height=\"146\" srcset=\"https:\/\/www.cientificos.pe\/wp-content\/uploads\/2021\/01\/ceprecyt-300x146.jpg 300w, https:\/\/www.cientificos.pe\/wp-content\/uploads\/2021\/01\/ceprecyt-533x261.jpg 533w, https:\/\/www.cientificos.pe\/wp-content\/uploads\/2021\/01\/ceprecyt.jpg 630w\" sizes=\"(max-width: 300px) 100vw, 300px\" \/>CEPRECYT \u2013 CENTRO DE PREPARACION PARA LA CIENCIA Y TECNOLOGIA<br \/>\nPromueve el desarrollo cient\u00edfico y tecnol\u00f3gico en ni\u00f1os y j\u00f3venes. Cursos de capacitaci\u00f3n en alta tecnolog\u00eda. Formaci\u00f3n de cient\u00edficos e ingenieros a partir de los 7 a\u00f1os (Semillero de Cient\u00edficos). Dirigido por el Dr. Modesto Montoya.<\/p>\n<p><a href=\"https:\/\/www.cienciaperu.org\/\" target=\"_blank\" rel=\"noopener noreferrer\">https:\/\/www.cienciaperu.org\/<\/a><\/td>\n<\/tr>\n<tr>\n<td style=\"width: 100%; text-align: justify;\">\n<h1 style=\"text-align: center;\"><strong>FabLab Lima<\/strong><\/h1>\n<p><img loading=\"lazy\" class=\"size-medium wp-image-6358 alignleft\" src=\"https:\/\/www.cientificos.pe\/wp-content\/uploads\/2021\/02\/Logo-Fab-Lab-Angello-Silva-Guardia-294x300.jpg\" alt=\"\" width=\"294\" height=\"300\" srcset=\"https:\/\/www.cientificos.pe\/wp-content\/uploads\/2021\/02\/Logo-Fab-Lab-Angello-Silva-Guardia-294x300.jpg 294w, https:\/\/www.cientificos.pe\/wp-content\/uploads\/2021\/02\/Logo-Fab-Lab-Angello-Silva-Guardia-356x364.jpg 356w, https:\/\/www.cientificos.pe\/wp-content\/uploads\/2021\/02\/Logo-Fab-Lab-Angello-Silva-Guardia-412x420.jpg 412w, https:\/\/www.cientificos.pe\/wp-content\/uploads\/2021\/02\/Logo-Fab-Lab-Angello-Silva-Guardia.jpg 691w\" sizes=\"(max-width: 294px) 100vw, 294px\" \/>Es un centro de investigaci\u00f3n privado, sin afiliaci\u00f3n partidaria y sin fines de lucro registrado en el Per\u00fa, que tiene por finalidad avanzar el estado del arte de la fabricaci\u00f3n digital y la biolog\u00eda sint\u00e9tica as\u00ed como generar nuevas interrelaciones entre el Arte, Ciencia y Tecnolog\u00eda a trav\u00e9s de la investigaci\u00f3n aplicada. Nace a iniciativa del Centro de Bits y \u00c1tomos (CBA) del MIT, del Instituto de Arquitectura Avanzada de Catalu\u00f1a (IaaC) y de la Fab Foundation. Uno de sus programas en conjunto con FabLab Network, es la difusi\u00f3n, promoci\u00f3n y asistencia t\u00e9cnica para el despliegue de Laboratorios de Fabricaci\u00f3n Digital (Fab Lab) como una forma de incrementar infraestructura tecnol\u00f3gica y de transferir capacidades para la innovaci\u00f3n.\u00a0 <a href=\"https:\/\/www.fab.pe\/\" target=\"_blank\" rel=\"noopener noreferrer\">https:\/\/www.fab.pe\/<\/a> <a href=\"https:\/\/www.facebook.com\/FabLabLima\" target=\"_blank\" rel=\"noopener noreferrer\">https:\/\/www.facebook.com\/FabLabLima<\/a> <a href=\"https:\/\/www.facebook.com\/fablatam\" target=\"_blank\" rel=\"noopener noreferrer\">https:\/\/www.facebook.com\/fablatam<\/a><\/p>\n<h1 style=\"text-align: center;\"><strong>\u00a0<\/strong><\/h1>\n<\/td>\n<\/tr>\n<\/tbody>\n<\/table>\n<p>[\/vc_column_text][\/vc_tta_section][vc_tta_section title=&#8221;Ligadas a Instituciones y\/o agrupaciones civiles&#8221; tab_id=&#8221;1604752316998-584b8ceb-bc1c&#8221;][vc_column_text]<\/p>\n<table dir=\"ltr\" style=\"width: 100%; height: 1112px;\" border=\"1\" cellspacing=\"0\" cellpadding=\"0\">\n<colgroup>\n<col width=\"474\" \/><\/colgroup>\n<tbody>\n<tr>\n<td style=\"text-align: justify;\">\n<h1 style=\"text-align: center;\"><strong>Sociedad de Ingenier\u00eda Biol\u00f3gica <\/strong><\/h1>\n<p><img loading=\"lazy\" class=\"wp-image-6694 alignleft\" src=\"https:\/\/www.cientificos.pe\/wp-content\/uploads\/2021\/03\/logo-original-Andrea-Cavero.jpg\" alt=\"\" width=\"309\" height=\"309\" srcset=\"https:\/\/www.cientificos.pe\/wp-content\/uploads\/2021\/03\/logo-original-Andrea-Cavero.jpg 640w, https:\/\/www.cientificos.pe\/wp-content\/uploads\/2021\/03\/logo-original-Andrea-Cavero-300x300.jpg 300w, https:\/\/www.cientificos.pe\/wp-content\/uploads\/2021\/03\/logo-original-Andrea-Cavero-150x150.jpg 150w, https:\/\/www.cientificos.pe\/wp-content\/uploads\/2021\/03\/logo-original-Andrea-Cavero-420x420.jpg 420w\" sizes=\"(max-width: 309px) 100vw, 309px\" \/>La Sociedad de Ingenier\u00eda Biol\u00f3gica (SBE) es un cap\u00edtulo estudiantil del Instituto Americano de Ingenieros Qu\u00edmicos (AIChE) en la Universidad de Ingenier\u00eda y Tecnolog\u00eda (UTEC). Somos una comunidad de estudiantes universitarios apasionados por la aplicaci\u00f3n de la biotecnolog\u00eda en las industrias para un impacto sostenible en la sociedad. Realizamos charlas, foros, conversatorios, talleres, infograf\u00edas y videos sobre la intersecci\u00f3n de la Biotecnolog\u00eda Industrial con otras ramas de la ciencia y la ingenier\u00eda.\u00a0 <a href=\"https:\/\/www.facebook.com\/sbe.utec\" target=\"_blank\" rel=\"noopener noreferrer\">https:\/\/www.facebook.com\/sbe.utec<\/a> <a href=\"https:\/\/www.instagram.com\/sbe.utec\/\" target=\"_blank\" rel=\"noopener noreferrer\">https:\/\/www.instagram.com\/sbe.utec\/<\/a> <a href=\"https:\/\/www.youtube.com\/channel\/UC3RD412R85pXwAoTtN92KWw\" target=\"_blank\" rel=\"noopener noreferrer\">https:\/\/www.youtube.com\/channel\/UC3RD412R85pXwAoTtN92KWw<\/a> <a href=\"https:\/\/www.linkedin.com\/company\/sbe-utec\/\" target=\"_blank\" rel=\"noopener noreferrer\">https:\/\/www.linkedin.com\/company\/sbe-utec\/<\/a><\/td>\n<\/tr>\n<tr>\n<td>\n<h1 style=\"text-align: center;\"><strong>Profesoras Conversando<\/strong><\/h1>\n<p><img loading=\"lazy\" class=\"size-medium wp-image-6487 alignleft\" src=\"https:\/\/www.cientificos.pe\/wp-content\/uploads\/2021\/02\/logo-oficial-Profesoras-Conversando-300x300.png\" alt=\"\" width=\"300\" height=\"300\" srcset=\"https:\/\/www.cientificos.pe\/wp-content\/uploads\/2021\/02\/logo-oficial-Profesoras-Conversando-300x300.png 300w, https:\/\/www.cientificos.pe\/wp-content\/uploads\/2021\/02\/logo-oficial-Profesoras-Conversando-150x150.png 150w, https:\/\/www.cientificos.pe\/wp-content\/uploads\/2021\/02\/logo-oficial-Profesoras-Conversando-768x768.png 768w, https:\/\/www.cientificos.pe\/wp-content\/uploads\/2021\/02\/logo-oficial-Profesoras-Conversando-696x696.png 696w, https:\/\/www.cientificos.pe\/wp-content\/uploads\/2021\/02\/logo-oficial-Profesoras-Conversando-420x420.png 420w, https:\/\/www.cientificos.pe\/wp-content\/uploads\/2021\/02\/logo-oficial-Profesoras-Conversando.png 850w\" sizes=\"(max-width: 300px) 100vw, 300px\" \/>Espacio colaborativo para docentes de educaci\u00f3n superior. <a href=\"https:\/\/www.facebook.com\/profesorasconversando\" target=\"_blank\" rel=\"noopener noreferrer\">https:\/\/www.facebook.com\/profesorasconversando<\/a> <a href=\"https:\/\/twitter.com\/ProfesConversan\" target=\"_blank\" rel=\"noopener noreferrer\">https:\/\/twitter.com\/ProfesConversan<\/a> <a href=\"https:\/\/open.spotify.com\/show\/7gsBSjfbyUmvTILZ1IWw7D?si=KYUH-7x2T4OpFXCoNgAhNQ\" target=\"_blank\" rel=\"noopener noreferrer\">https:\/\/open.spotify.com\/show\/7gsBSjfbyUmvTILZ1IWw7D?si=KYUH-7x2T4OpFXCoNgAhNQ<\/a><\/td>\n<\/tr>\n<tr style=\"height: 375px;\">\n<td style=\"height: 375px;\" data-sheets-value=\"{&quot;1&quot;:2,&quot;2&quot;:&quot;Planetario Nacional IGP&quot;}\">\n<h1 style=\"text-align: center;\"><strong>Red NanoAndes<\/strong><\/h1>\n<p style=\"text-align: justify;\"><img loading=\"lazy\" class=\"size-medium wp-image-6105 alignleft\" src=\"https:\/\/www.cientificos.pe\/wp-content\/uploads\/2021\/01\/Nanologo-300x188.png\" alt=\"\" width=\"300\" height=\"188\" srcset=\"https:\/\/www.cientificos.pe\/wp-content\/uploads\/2021\/01\/Nanologo-300x188.png 300w, https:\/\/www.cientificos.pe\/wp-content\/uploads\/2021\/01\/Nanologo.png 600w\" sizes=\"(max-width: 300px) 100vw, 300px\" \/>La Red NanoAndes para la Cooperaci\u00f3n en Nanociencias y Nanotecnolog\u00edas en los Pa\u00edses Andinos y Am\u00e9rica Latina est\u00e1 enfocada en la organizaci\u00f3n anual de una escuela de nanociencias te\u00f3rico-pr\u00e1ctica, dirigida a estudiantes de pregrado y posgrado de universidades latinoamericanas. Los estudiantes reciben formaci\u00f3n en nanociencias durante una semana bajo la supervisi\u00f3n de prestigiosos investigadores de Am\u00e9ricas y Europa.\u00a0 <a href=\"https:\/\/nanoandesred.com\/\" target=\"_blank\" rel=\"noopener noreferrer\">https:\/\/nanoandesred.com\/<\/a><\/p>\n<\/td>\n<\/tr>\n<tr style=\"height: 540px;\">\n<td style=\"height: 540px;\">\n<h1 style=\"text-align: center;\"><strong>Agencia espacial del Peru &#8211; CONIDA<\/strong><\/h1>\n<p style=\"text-align: justify;\"><img loading=\"lazy\" class=\" wp-image-6051 alignleft\" src=\"https:\/\/www.cientificos.pe\/wp-content\/uploads\/2021\/01\/Flyer-el-Espacio-en-casa_actualizado2021-Agencia-Espacial-del-Peru-CONIDA-300x300.jpg\" alt=\"\" width=\"357\" height=\"357\" srcset=\"https:\/\/www.cientificos.pe\/wp-content\/uploads\/2021\/01\/Flyer-el-Espacio-en-casa_actualizado2021-Agencia-Espacial-del-Peru-CONIDA-300x300.jpg 300w, https:\/\/www.cientificos.pe\/wp-content\/uploads\/2021\/01\/Flyer-el-Espacio-en-casa_actualizado2021-Agencia-Espacial-del-Peru-CONIDA-150x150.jpg 150w, https:\/\/www.cientificos.pe\/wp-content\/uploads\/2021\/01\/Flyer-el-Espacio-en-casa_actualizado2021-Agencia-Espacial-del-Peru-CONIDA-696x696.jpg 696w, https:\/\/www.cientificos.pe\/wp-content\/uploads\/2021\/01\/Flyer-el-Espacio-en-casa_actualizado2021-Agencia-Espacial-del-Peru-CONIDA-420x420.jpg 420w, https:\/\/www.cientificos.pe\/wp-content\/uploads\/2021\/01\/Flyer-el-Espacio-en-casa_actualizado2021-Agencia-Espacial-del-Peru-CONIDA.jpg 720w\" sizes=\"(max-width: 357px) 100vw, 357px\" \/><span style=\"font-size: 12pt;\" data-sheets-value=\"{&quot;1&quot;:2,&quot;2&quot;:&quot;Esta iniciativa tiene como objetivo sensibilizar a la comunidad peruana sobre la importancia de la investigaci\u00f3n cient\u00edfica en Astronom\u00eda y Ciencias del Espacio, as\u00ed como generar un espacio de discusi\u00f3n y pensamiento cr\u00edtico, los cuales caracterizan a la ciencia.&quot;}\" data-sheets-userformat=\"{&quot;2&quot;:513,&quot;3&quot;:{&quot;1&quot;:0},&quot;12&quot;:0}\">Esta iniciativa tiene como objetivo sensibilizar a la comunidad peruana sobre la importancia de la investigaci\u00f3n cient\u00edfica en Astronom\u00eda y Ciencias del Espacio, as\u00ed como generar un espacio de discusi\u00f3n y pensamiento cr\u00edtico, los cuales caracterizan a la ciencia.<\/span><\/p>\n<p><a href=\"http:\/\/bit.ly\/ElEspacioEnCasa_CONIDA\" target=\"_blank\" rel=\"noopener noreferrer\">http:\/\/bit.ly\/ElEspacioEnCasa_CONIDA<\/a><a href=\"https:\/\/www.facebook.com\/conidaoficial\" target=\"_blank\" rel=\"noopener noreferrer\">https:\/\/www.facebook.com\/conidaoficial<\/a> <a href=\"https:\/\/www.youtube.com\/channel\/UC3MPqpTYy4G_0YBbTGAVG8w\" target=\"_blank\" rel=\"noopener noreferrer\">https:\/\/www.youtube.com\/channel\/UC3MPqpTYy4G_0YBbTGAVG8w\u00a0<\/a><\/p>\n<p>&nbsp;<\/td>\n<\/tr>\n<tr style=\"height: 197px;\">\n<td style=\"height: 197px; text-align: justify;\">\n<h1 style=\"text-align: center;\"><strong>Asociaci\u00f3n para la Conservaci\u00f3n de Primates Amenazados (PRIMATA)<\/strong><\/h1>\n<p>&nbsp;<\/p>\n<p><img loading=\"lazy\" class=\"size-medium wp-image-6374 alignleft\" src=\"https:\/\/www.cientificos.pe\/wp-content\/uploads\/2021\/02\/Save-Primates-Peru-Luis-Lopez-300x288.jpg\" alt=\"\" width=\"300\" height=\"288\" srcset=\"https:\/\/www.cientificos.pe\/wp-content\/uploads\/2021\/02\/Save-Primates-Peru-Luis-Lopez-300x288.jpg 300w, https:\/\/www.cientificos.pe\/wp-content\/uploads\/2021\/02\/Save-Primates-Peru-Luis-Lopez-437x420.jpg 437w, https:\/\/www.cientificos.pe\/wp-content\/uploads\/2021\/02\/Save-Primates-Peru-Luis-Lopez.jpg 454w\" sizes=\"(max-width: 300px) 100vw, 300px\" \/>La Asociaci\u00f3n para la Conservaci\u00f3n de Primates Amenazados (PRIMATA) o Save The Endangered Peruvian Primates (Ingles) es una organizaci\u00f3n sin fines de lucro para realizar investigaci\u00f3n cient\u00edfica y conservaci\u00f3n de primates y sus h\u00e1bitats en el territorio peruano. <a href=\"https:\/\/www.facebook.com\/savetheendangeredperuvianprimates\" target=\"_blank\" rel=\"noopener noreferrer\">https:\/\/www.facebook.com\/savetheendangeredperuvianprimates<\/a> <a href=\"https:\/\/www.instagram.com\/saveprimatesperu\/\" target=\"_blank\" rel=\"noopener noreferrer\">https:\/\/www.instagram.com\/saveprimatesperu\/<\/a><\/p>\n<p style=\"text-align: justify;\"><strong>\u00a0<\/strong><\/p>\n<\/td>\n<\/tr>\n<\/tbody>\n<\/table>\n<p>[\/vc_column_text][\/vc_tta_section][vc_tta_section title=&#8221;Podcast, Revistas digitales, Canales en Youtube&#8221; tab_id=&#8221;1610575622763-1a7d23ea-e22c&#8221;][vc_column_text]<\/p>\n<table style=\"width: 100%; border-collapse: collapse;\" cellpadding=\"1\">\n<tbody>\n<tr>\n<td style=\"width: 100%;\"><\/td>\n<\/tr>\n<tr>\n<td style=\"width: 100%;\">\n<h1 style=\"text-align: center;\"><strong>Mentes Peruanas<\/strong><\/h1>\n<p><img loading=\"lazy\" class=\"\" src=\"https:\/\/i.scdn.co\/image\/8a31f8dc6f02afc65b2931ef43ad4f2efd6e8ca1\" alt=\"Mentes Peruanas | Podcast on Spotify\" width=\"328\" height=\"328\" \/><\/p>\n<p><a href=\"https:\/\/open.spotify.com\/show\/1UcWLTqgO8wdPbDToEPLF5\" target=\"_blank\" rel=\"noopener noreferrer\">https:\/\/open.spotify.com\/show\/1UcWLTqgO8wdPbDToEPLF5<\/a><\/td>\n<\/tr>\n<tr>\n<td style=\"width: 100%;\"><\/td>\n<\/tr>\n<tr>\n<td style=\"width: 100%;\"><\/td>\n<\/tr>\n<tr>\n<td style=\"width: 100%;\"><\/td>\n<\/tr>\n<tr>\n<td style=\"width: 100%;\"><\/td>\n<\/tr>\n<\/tbody>\n<\/table>\n<p>[\/vc_column_text][\/vc_tta_section][\/vc_tta_tabs][\/vc_column][\/vc_row]<\/p>\n","protected":false},"excerpt":{"rendered":"<p>[vc_row][vc_column][vc_column_text] Esta secci\u00f3n se la dedicamos a todos aquellos que ponen su granito de arena para fomentar la ciencia y tecnolog\u00eda en nuestro pa\u00eds. De esta manera esperamos que todos los visitantes a esta p\u00e1gina puedan conocerlos y entrar en contacto directamente con ustedes. Para que podamos colocar tu iniciativa o que actualicemos lo que [&hellip;]<\/p>\n","protected":false},"author":2,"featured_media":0,"parent":0,"menu_order":0,"comment_status":"closed","ping_status":"closed","template":"","meta":[],"_links":{"self":[{"href":"https:\/\/www.cientificos.pe\/index.php?rest_route=\/wp\/v2\/pages\/5651"}],"collection":[{"href":"https:\/\/www.cientificos.pe\/index.php?rest_route=\/wp\/v2\/pages"}],"about":[{"href":"https:\/\/www.cientificos.pe\/index.php?rest_route=\/wp\/v2\/types\/page"}],"author":[{"embeddable":true,"href":"https:\/\/www.cientificos.pe\/index.php?rest_route=\/wp\/v2\/users\/2"}],"replies":[{"embeddable":true,"href":"https:\/\/www.cientificos.pe\/index.php?rest_route=%2Fwp%2Fv2%2Fcomments&post=5651"}],"version-history":[{"count":151,"href":"https:\/\/www.cientificos.pe\/index.php?rest_route=\/wp\/v2\/pages\/5651\/revisions"}],"predecessor-version":[{"id":7167,"href":"https:\/\/www.cientificos.pe\/index.php?rest_route=\/wp\/v2\/pages\/5651\/revisions\/7167"}],"wp:attachment":[{"href":"https:\/\/www.cientificos.pe\/index.php?rest_route=%2Fwp%2Fv2%2Fmedia&parent=5651"}],"curies":[{"name":"wp","href":"https:\/\/api.w.org\/{rel}","templated":true}]}}